{"id":6106,"date":"2022-03-08T13:31:44","date_gmt":"2022-03-08T13:31:44","guid":{"rendered":"https:\/\/ruchedenise.be\/?post_type=tribe_events&#038;p=6106"},"modified":"2022-03-08T13:33:54","modified_gmt":"2022-03-08T13:33:54","slug":"atelier-emotions-et-alimentation","status":"publish","type":"tribe_events","link":"https:\/\/ruchedenise.be\/index.php\/event\/atelier-emotions-et-alimentation\/","title":{"rendered":"Atelier &#8220;Emotions et alimentation&#8221;"},"content":{"rendered":"<div  class=\"tribe-events-schedule tribe-clearfix\" >\n\t<p class=\"tribe-events-schedule__datetime\">\n\t\t<span class=\"tribe-events-schedule__date tribe-events-schedule__date--start\">\n\t\t\tApril 2, 2022\t\t<\/span>\n\n\t\t\t\t\t<span class=\"tribe-events-schedule__separator tribe-events-schedule__separator--date\">\n\t\t\t\t @ \t\t\t<\/span>\n\t\t\t<span class=\"tribe-events-schedule__time tribe-events-schedule__time--start\">\n\t\t\t\t2:00 pm\t\t\t<\/span>\n\t\t\n\t\t\t\t\t\t\t\t\t<span class=\"tribe-events-schedule__separator tribe-events-schedule__separator--time\">\n\t\t\t\t\t &#8211; \t\t\t\t<\/span>\n\t\t\t\n\t\t\t\t\t\t\t<span class=\"tribe-events-schedule__time tribe-events-schedule__time--end\">\n\t\t\t\t\t4:00 pm\t\t\t\t<\/span>\n\t\t\t\n\t\t\t\t\t\t<\/p>\n<\/div>\n\n\n\n<p>Si comme beaucoup d&#8217;entre nous, tu manges aussi tes \u00e9motions, alors cet atelier est pour toi !<\/p>\n\n\n\n<p>Je t&#8217;invite \u00e0 nous rejoindre chez Denise &#8211; Ruche citoyenne \u00e0 Mont-Saint-Guibert. Nous discuterons de nos \u00e9motions (plus que pr\u00e9sentes dans nos vies en ce moment) et essayons de trouver le besoin qui se cache derri\u00e8re. Apr\u00e8s cela, nous prendrons un petit go\u00fbter en toute convivialit\u00e9 (fournit par Radis &amp; Compagnie, \u00e9picerie conviviale \u00e0 deux pas de chez Denise) pour ensuite, aborder les diff\u00e9rentes faims, comment les d\u00e9tecter et comment les satisfaire.<\/p>\n\n\n\n<p>Cet atelier est un moment d&#8217;\u00e9changes, de r\u00e9flexions, de partages en bienveillance parce que plus que jamais, c&#8217;est indispensable dans notre quotidien. Je suis disponible au 0498\/361349 pour toute question et toute r\u00e9servation.asm.talentcoach@hotmail.comRendez-vous le 2 avril d\u00e8s 14h.<br>(Il faut compter au minimum 2h&#8230; souvent plus&#8230;)<\/p>\n\n\n\n<p>Apr\u00e8s l&#8217;atelier, vous pouvez rendre une petite visite chez Radis &amp; Compagnie pour leur dire que le go\u00fbter \u00e9tait trop bon (un peu plus haut dans la rue)<\/p>\n\n\n\n<p>Atelier+ go\u00fbter &#8211;&gt; 45\u20ac<\/p>\n\n\n<div  class=\"tribe-block tribe-block__event-price\" >\n\t\t\t<span class=\"tribe-block__event-price__cost\"> \u20ac45 <\/span>\n\t\t<\/div>\n\n\n<div  class=\"tribe-block tribe-block__organizer__details tribe-clearfix\" >\n\t<div class=\"tribe-block__organizer__title\">\n\t\t<h3><a href=\"https:\/\/ruchedenise.be\/index.php\/organizer\/asm-talent-coach\/\" title=\"ASM Talent Coach\" target=\"_self\" rel=\"\">ASM Talent Coach<\/a><\/h3>\n\t<\/div>\n\t\t\t<p class=\"tribe-block__organizer__phone\">0498\/361349<\/p>\n\t\t\t\t<p class=\"tribe-block__organizer__website\"><a href=\"https:\/\/www.facebook.com\/ASMtalentcoach\" target=\"_blank\" rel=\"noopener noreferrer\">View Organizer Website<\/a><\/p>\n\t\t\t\t<p class=\"tribe-block__organizer__email\">&#097;&#115;&#109;&#046;&#116;&#097;l&#101;&#110;&#116;&#099;&#111;a&#099;&#104;&#064;hot&#109;&#097;&#105;l&#046;co&#109;<\/p>\n\t<\/div>\n\n\n<div  class=\"tribe-block tribe-block__venue tribe-clearfix tribe-block__venue--has-map\" >\n\t\n\t\t\n\t<\/div>\n\n\n<div  class=\"tribe-block tribe-block__event-website\" >\n\t<a\n\t\thref=\"https:\/\/www.facebook.com\/events\/264284202587456\/\"\n\t\ttarget=\"_self\"\n\t\t\t>\n\t\tfacebook\t<\/a>\n<\/div>\n\n\n\t<div  class=\"tribe-block tribe-block__events-link\" >\n\t\t<div class=\"tribe-events tribe-common\">\n\t\t\t<div class=\"tribe-events-c-subscribe-dropdown__container\">\n\t\t\t\t<div class=\"tribe-events-c-subscribe-dropdown\">\n\t\t\t\t\t<div class=\"tribe-common-c-btn-border tribe-events-c-subscribe-dropdown__button\">\n\t\t\t\t\t\t<svg\n\t class=\"tribe-common-c-svgicon tribe-common-c-svgicon--cal-export tribe-events-c-subscribe-dropdown__export-icon\" \taria-hidden=\"true\"\n\tviewBox=\"0 0 23 17\"\n\txmlns=\"http:\/\/www.w3.org\/2000\/svg\"\n>\n\t<path fill-rule=\"evenodd\" clip-rule=\"evenodd\" d=\"M.128.896V16.13c0 .211.145.383.323.383h15.354c.179 0 .323-.172.323-.383V.896c0-.212-.144-.383-.323-.383H.451C.273.513.128.684.128.896Zm16 6.742h-.901V4.679H1.009v10.729h14.218v-3.336h.901V7.638ZM1.01 1.614h14.218v2.058H1.009V1.614Z\" \/>\n\t<path d=\"M20.5 9.846H8.312M18.524 6.953l2.89 2.909-2.855 2.855\" stroke-width=\"1.2\" stroke-linecap=\"round\" stroke-linejoin=\"round\"\/>\n<\/svg>\n\t\t\t\t\t\t<button\n\t\t\t\t\t\t\tclass=\"tribe-events-c-subscribe-dropdown__button-text\"\n\t\t\t\t\t\t\taria-expanded=\"false\"\n\t\t\t\t\t\t\taria-controls=\"tribe-events-subscribe-dropdown-content\"\n\t\t\t\t\t\t\taria-label=\"View links to add events to your calendar\"\n\t\t\t\t\t\t>\n\t\t\t\t\t\t\tAdd to calendar\t\t\t\t\t\t<\/button>\n\t\t\t\t\t\t<svg\n\t class=\"tribe-common-c-svgicon tribe-common-c-svgicon--caret-down tribe-events-c-subscribe-dropdown__button-icon\" \taria-hidden=\"true\"\n\tviewBox=\"0 0 10 7\"\n\txmlns=\"http:\/\/www.w3.org\/2000\/svg\"\n>\n\t<path fill-rule=\"evenodd\" clip-rule=\"evenodd\" d=\"M1.008.609L5 4.6 8.992.61l.958.958L5 6.517.05 1.566l.958-.958z\" class=\"tribe-common-c-svgicon__svg-fill\"\/>\n<\/svg>\n\t\t\t\t\t<\/div>\n\t\t\t\t\t<div id=\"tribe-events-subscribe-dropdown-content\" class=\"tribe-events-c-subscribe-dropdown__content\">\n\t\t\t\t\t\t<ul class=\"tribe-events-c-subscribe-dropdown__list\">\n\t\t\t\t\t\t\t\t\t\t\t\t\t\t\t<li class=\"tribe-events-c-subscribe-dropdown__list-item tribe-events-c-subscribe-dropdown__list-item--gcal\">\n\t\t\t\t\t\t\t\t\t<a\n\t\t\t\t\t\t\t\t\t\thref=\"https:\/\/www.google.com\/calendar\/event?action=TEMPLATE&#038;dates=20220402T140000\/20220402T160000&#038;text=Atelier%20%26%238220%3BEmotions%20et%20alimentation%26%238221%3B&#038;details=%3Cp%3ESi+comme+beaucoup+d%27entre+nous%2C+tu+manges+aussi+tes+%C3%A9motions%2C+alors+cet+atelier+est+pour+toi+%21%3C%2Fp%3E+%3Cp%3EJe+t%27invite+%C3%A0+nous+rejoindre+chez+Denise+-+Ruche+citoyenne+%C3%A0+Mont-Saint-Guibert.+Nous+discuterons+de+nos+%C3%A9motions+%28plus+que+pr%C3%A9sentes+dans+nos+vies+en+ce+moment%29+et+essayons+de+trouver+le+besoin+qui+se+cache+derri%C3%A8re.+Apr%C3%A8s+cela%2C+nous+prendrons+un+petit+go%C3%BBter+en+toute+convivialit%C3%A9+%28fournit+par+Radis+%26amp%3B+Compagnie%2C+%C3%A9picerie+conviviale+%C3%A0+deux+pas+de+chez+Denise%29+pour+ensuite%2C+aborder+les+diff%C3%A9rentes+faims%2C+comment+les+d%C3%A9tecter+et+comment+les+satisfaire.%3C%2Fp%3E+%3Cp%3ECet+atelier+est+un+moment+d%27%C3%A9changes%2C+de+r%C3%A9flexions%2C+de+partages+en+bienveillance+parce+que+plus+que+jamais%2C+c%27est+indispensable+dans+notre+quotidien.+Je+suis+disponible+au+0498%2F361349+pour+toute+question+et+toute+r%C3%A9servation.asm.talentcoach%40hotmail.comRendez-vous+le+2+avril+d%C3%A8s+14h.%3Cbr+%2F%3E%28Il+faut+compter+au+minimum+2h...+souvent+plus...%29%3C%2Fp%3E+%3Cp%3EApr%C3%A8s+l%27atelier%2C+vous+pouvez+rendre+une+petite%3C%2Fp%3E+%28View+Full+event+Description+Here%3A+https%3A%2F%2Fruchedenise.be%2Findex.php%2Fevent%2Fatelier-emotions-et-alimentation%2F%29&#038;trp=false&#038;ctz=UTC+0&#038;sprop=website:https:\/\/ruchedenise.be\"\n\t\t\t\t\t\t\t\t\t\tclass=\"tribe-events-c-subscribe-dropdown__list-item-link\"\n\t\t\t\t\t\t\t\t\t\ttarget=\"_blank\"\n\t\t\t\t\t\t\t\t\t\trel=\"noopener noreferrer nofollow noindex\"\n\t\t\t\t\t\t\t\t\t>\n\t\t\t\t\t\t\t\t\t\tGoogle Calendar\t\t\t\t\t\t\t\t\t<\/a>\n\t\t\t\t\t\t\t\t<\/li>\n\t\t\t\t\t\t\t\t\t\t\t\t\t\t\t<li class=\"tribe-events-c-subscribe-dropdown__list-item tribe-events-c-subscribe-dropdown__list-item--ical\">\n\t\t\t\t\t\t\t\t\t<a\n\t\t\t\t\t\t\t\t\t\thref=\"\"\n\t\t\t\t\t\t\t\t\t\tclass=\"tribe-events-c-subscribe-dropdown__list-item-link\"\n\t\t\t\t\t\t\t\t\t\ttarget=\"_blank\"\n\t\t\t\t\t\t\t\t\t\trel=\"noopener noreferrer nofollow noindex\"\n\t\t\t\t\t\t\t\t\t>\n\t\t\t\t\t\t\t\t\t\tiCalendar\t\t\t\t\t\t\t\t\t<\/a>\n\t\t\t\t\t\t\t\t<\/li>\n\t\t\t\t\t\t\t\t\t\t\t\t\t\t\t<li class=\"tribe-events-c-subscribe-dropdown__list-item tribe-events-c-subscribe-dropdown__list-item--outlook-365\">\n\t\t\t\t\t\t\t\t\t<a\n\t\t\t\t\t\t\t\t\t\thref=\"\"\n\t\t\t\t\t\t\t\t\t\tclass=\"tribe-events-c-subscribe-dropdown__list-item-link\"\n\t\t\t\t\t\t\t\t\t\ttarget=\"_blank\"\n\t\t\t\t\t\t\t\t\t\trel=\"noopener noreferrer nofollow noindex\"\n\t\t\t\t\t\t\t\t\t>\n\t\t\t\t\t\t\t\t\t\tOutlook 365\t\t\t\t\t\t\t\t\t<\/a>\n\t\t\t\t\t\t\t\t<\/li>\n\t\t\t\t\t\t\t\t\t\t\t\t\t\t\t<li class=\"tribe-events-c-subscribe-dropdown__list-item tribe-events-c-subscribe-dropdown__list-item--outlook-live\">\n\t\t\t\t\t\t\t\t\t<a\n\t\t\t\t\t\t\t\t\t\thref=\"\"\n\t\t\t\t\t\t\t\t\t\tclass=\"tribe-events-c-subscribe-dropdown__list-item-link\"\n\t\t\t\t\t\t\t\t\t\ttarget=\"_blank\"\n\t\t\t\t\t\t\t\t\t\trel=\"noopener noreferrer nofollow noindex\"\n\t\t\t\t\t\t\t\t\t>\n\t\t\t\t\t\t\t\t\t\tOutlook Live\t\t\t\t\t\t\t\t\t<\/a>\n\t\t\t\t\t\t\t\t<\/li>\n\t\t\t\t\t\t\t\t\t\t\t\t\t<\/ul>\n\t\t\t\t\t<\/div>\n\t\t\t\t<\/div>\n\t\t\t<\/div>\n\t\t<\/div>\n\t<\/div>\n\n\n\n\n\n\n\n","protected":false},"excerpt":{"rendered":"<p>Si comme beaucoup d&#8217;entre nous, tu manges aussi tes \u00e9motions, alors cet atelier est pour toi ! Je t&#8217;invite \u00e0 nous rejoindre chez Denise &#8211; Ruche citoyenne \u00e0 Mont-Saint-Guibert. Nous discuterons de nos \u00e9motions (plus que pr\u00e9sentes dans nos vies en ce moment) et essayons de trouver le besoin qui se cache [&hellip;]<\/p>\n","protected":false},"author":2,"featured_media":6111,"template":"","meta":{"_monsterinsights_skip_tracking":false,"_monsterinsights_sitenote_active":false,"_monsterinsights_sitenote_note":"","_monsterinsights_sitenote_category":0,"_price":"","_stock":"","_tribe_ticket_header":"","_tribe_default_ticket_provider":"","_tribe_ticket_capacity":"","_ticket_start_date":"","_ticket_end_date":"","_tribe_ticket_show_description":"","_tribe_ticket_show_not_going":false,"_tribe_ticket_use_global_stock":"","_tribe_ticket_global_stock_level":"","_global_stock_mode":"","_global_stock_cap":"","_tribe_rsvp_for_event":"","_tribe_ticket_going_count":"","_tribe_ticket_not_going_count":"","_tribe_tickets_list":"[]","_tribe_ticket_has_attendee_info_fields":false,"_EventAllDay":false,"_EventTimezone":"UTC+0","_EventStartDate":"2022-04-02 14:00:00","_EventEndDate":"2022-04-02 16:00:00","_EventStartDateUTC":"2022-04-02 14:00:00","_EventEndDateUTC":"2022-04-02 16:00:00","_EventShowMap":true,"_EventShowMapLink":true,"_EventURL":"https:\/\/www.facebook.com\/events\/264284202587456\/","_EventCost":"45","_EventCostDescription":"","_EventCurrencySymbol":"\u20ac","_EventCurrencyCode":"","_EventCurrencyPosition":"prefix","_EventDateTimeSeparator":" @ ","_EventTimeRangeSeparator":" - ","_EventOrganizerID":[6108],"_EventVenueID":[0],"_OrganizerEmail":"","_OrganizerPhone":"","_OrganizerWebsite":"","_VenueAddress":"","_VenueCity":"","_VenueCountry":"","_VenueProvince":"","_VenueState":"","_VenueZip":"","_VenuePhone":"","_VenueURL":"","_VenueStateProvince":"","_VenueLat":"","_VenueLng":"","_VenueShowMap":false,"_VenueShowMapLink":false,"_tribe_events_status":"","_tribe_events_status_reason":"","footnotes":"","_tec_slr_enabled":"","_tec_slr_layout":""},"tags":[],"tribe_events_cat":[],"class_list":["post-6106","tribe_events","type-tribe_events","status-publish","has-post-thumbnail","hentry"],"ticketed":false,"_links":{"self":[{"href":"https:\/\/ruchedenise.be\/index.php\/wp-json\/wp\/v2\/tribe_events\/6106","targetHints":{"allow":["GET"]}}],"collection":[{"href":"https:\/\/ruchedenise.be\/index.php\/wp-json\/wp\/v2\/tribe_events"}],"about":[{"href":"https:\/\/ruchedenise.be\/index.php\/wp-json\/wp\/v2\/types\/tribe_events"}],"author":[{"embeddable":true,"href":"https:\/\/ruchedenise.be\/index.php\/wp-json\/wp\/v2\/users\/2"}],"version-history":[{"count":2,"href":"https:\/\/ruchedenise.be\/index.php\/wp-json\/wp\/v2\/tribe_events\/6106\/revisions"}],"predecessor-version":[{"id":6112,"href":"https:\/\/ruchedenise.be\/index.php\/wp-json\/wp\/v2\/tribe_events\/6106\/revisions\/6112"}],"wp:featuredmedia":[{"embeddable":true,"href":"https:\/\/ruchedenise.be\/index.php\/wp-json\/wp\/v2\/media\/6111"}],"wp:attachment":[{"href":"https:\/\/ruchedenise.be\/index.php\/wp-json\/wp\/v2\/media?parent=6106"}],"wp:term":[{"taxonomy":"post_tag","embeddable":true,"href":"https:\/\/ruchedenise.be\/index.php\/wp-json\/wp\/v2\/tags?post=6106"},{"taxonomy":"tribe_events_cat","embeddable":true,"href":"https:\/\/ruchedenise.be\/index.php\/wp-json\/wp\/v2\/tribe_events_cat?post=6106"}],"curies":[{"name":"wp","href":"https:\/\/api.w.org\/{rel}","templated":true}]}}