{"id":6115,"date":"2022-03-14T11:58:15","date_gmt":"2022-03-14T11:58:15","guid":{"rendered":"https:\/\/ruchedenise.be\/?post_type=tribe_events&#038;p=6115"},"modified":"2022-03-14T11:58:16","modified_gmt":"2022-03-14T11:58:16","slug":"fete-dinauguration","status":"publish","type":"tribe_events","link":"https:\/\/ruchedenise.be\/index.php\/event\/fete-dinauguration\/","title":{"rendered":"F\u00eate d&#8217;inauguration !"},"content":{"rendered":"<div  class=\"tribe-events-schedule tribe-clearfix\" >\n\t<p class=\"tribe-events-schedule__datetime\">\n\t\t<span class=\"tribe-events-schedule__date tribe-events-schedule__date--start\">\n\t\t\tMarch 26, 2022\t\t<\/span>\n\n\t\t\t\t\t<span class=\"tribe-events-schedule__separator tribe-events-schedule__separator--date\">\n\t\t\t\t @ \t\t\t<\/span>\n\t\t\t<span class=\"tribe-events-schedule__time tribe-events-schedule__time--start\">\n\t\t\t\t2:00 pm\t\t\t<\/span>\n\t\t\n\t\t\t\t\t\t\t\t\t<span class=\"tribe-events-schedule__separator tribe-events-schedule__separator--time\">\n\t\t\t\t\t &#8211; \t\t\t\t<\/span>\n\t\t\t\n\t\t\t\t\t\t\t<span class=\"tribe-events-schedule__time tribe-events-schedule__time--end\">\n\t\t\t\t\t11:30 pm\t\t\t\t<\/span>\n\t\t\t\n\t\t\t\t\t\t<\/p>\n<\/div>\n\n\n\n<p><img loading=\"lazy\" decoding=\"async\" height=\"16\" width=\"16\" src=\"https:\/\/static.xx.fbcdn.net\/images\/emoji.php\/v9\/tf4\/1\/16\/2728.png\" alt=\"\u2728\">\u00a0Notre caf\u00e9 est ouvert depuis quelques semaines maintenant, alors ce samedi 26 mars on vous invite \u00e0 venir f\u00eater \u00e7a avec nous !\u00a0<img loading=\"lazy\" decoding=\"async\" height=\"16\" width=\"16\" src=\"https:\/\/static.xx.fbcdn.net\/images\/emoji.php\/v9\/tf4\/1\/16\/2728.png\" alt=\"\u2728\">D\u00e8s 14h, ateliers, animations et concerts gratuits animeront la Grand&#8217;Place! <\/p>\n\n\n\n<p>Food Truck et petite restauration sont pr\u00e9vus, et une soir\u00e9e festive chez Denise cl\u00f4turera cette belle journ\u00e9e.\u00a0<img loading=\"lazy\" decoding=\"async\" height=\"16\" width=\"16\" src=\"https:\/\/static.xx.fbcdn.net\/images\/emoji.php\/v9\/t8c\/1\/16\/1f389.png\" alt=\"\ud83c\udf89\">L&#8217;occasion de d\u00e9couvrir ce fantastique endroit si ce n&#8217;est pas encore fait !\u00a0<img loading=\"lazy\" decoding=\"async\" height=\"16\" width=\"16\" src=\"https:\/\/static.xx.fbcdn.net\/images\/emoji.php\/v9\/tb7\/1\/16\/1f917.png\" alt=\"\ud83e\udd17\"><\/p>\n\n\n\n<p>14h : Mot d&#8217;accueil<br>15h-17h : Animations pour tout.e.s (Rock, cr\u00e9ation florale, yoga,&#8230;)<br>17h30 : Pr\u00e9sentation de l&#8217;\u00e9quipe<br>18h : Concert de Th\u00e9ophile Renier<br>20h : Concert Denise &amp; the Bees<br>21h30 &#8211; &#8230; Poursuite des festivit\u00e9s\u00a0<img loading=\"lazy\" decoding=\"async\" height=\"16\" width=\"16\" src=\"https:\/\/static.xx.fbcdn.net\/images\/emoji.php\/v9\/t57\/1\/16\/1f609.png\" alt=\"\ud83d\ude09\"><img loading=\"lazy\" decoding=\"async\" height=\"16\" width=\"16\" src=\"https:\/\/static.xx.fbcdn.net\/images\/emoji.php\/v9\/t96\/1\/16\/1f37b.png\" alt=\"\ud83c\udf7b\"><\/p>\n\n\n\n<p><\/p>\n\n\n\n<p><img loading=\"lazy\" decoding=\"async\" height=\"16\" width=\"16\" src=\"https:\/\/static.xx.fbcdn.net\/images\/emoji.php\/v9\/t1f\/1\/16\/1f41d.png\" alt=\"\ud83d\udc1d\">\u00a0On a h\u00e2te de f\u00eater \u00e7a avec vous ! Bienvenue \u00e0 tout.e.s !\u00a0<img loading=\"lazy\" decoding=\"async\" height=\"16\" width=\"16\" src=\"https:\/\/static.xx.fbcdn.net\/images\/emoji.php\/v9\/t1f\/1\/16\/1f41d.png\" alt=\"\ud83d\udc1d\"><\/p>\n\n\n<div  class=\"tribe-block tribe-block__event-price\" >\n\t\t<\/div>\n\n\n<div  class=\"tribe-block tribe-block__organizer__details tribe-clearfix\" >\n\t<div class=\"tribe-block__organizer__title\">\n\t\t<h3><a href=\"https:\/\/ruchedenise.be\/index.php\/organizer\/denise-ruche-citoyenne\/\" title=\"Denise &#8211; Ruche Citoyenne\" target=\"_self\" rel=\"\">Denise &#8211; Ruche Citoyenne<\/a><\/h3>\n\t<\/div>\n\t\t\t\t\t<p class=\"tribe-block__organizer__email\">&#104;ello&#064;&#114;&#117;c&#104;&#101;&#100;&#101;&#110;&#105;se.be<\/p>\n\t<\/div>\n\n\n<div  class=\"tribe-block tribe-block__venue tribe-clearfix tribe-block__venue--has-map\" >\n\t\n\t\t\n\t<\/div>\n\n\n<div  class=\"tribe-block tribe-block__event-website\" >\n\t<a\n\t\thref=\"https:\/\/www.facebook.com\/events\/1232673463930694\"\n\t\ttarget=\"_self\"\n\t\t\t>\n\t\tfacebook\t<\/a>\n<\/div>\n\n\n\t<div  class=\"tribe-block tribe-block__events-link\" >\n\t\t<div class=\"tribe-events tribe-common\">\n\t\t\t<div class=\"tribe-events-c-subscribe-dropdown__container\">\n\t\t\t\t<div class=\"tribe-events-c-subscribe-dropdown\">\n\t\t\t\t\t<div class=\"tribe-common-c-btn-border tribe-events-c-subscribe-dropdown__button\">\n\t\t\t\t\t\t<svg\n\t class=\"tribe-common-c-svgicon tribe-common-c-svgicon--cal-export tribe-events-c-subscribe-dropdown__export-icon\" \taria-hidden=\"true\"\n\tviewBox=\"0 0 23 17\"\n\txmlns=\"http:\/\/www.w3.org\/2000\/svg\"\n>\n\t<path fill-rule=\"evenodd\" clip-rule=\"evenodd\" d=\"M.128.896V16.13c0 .211.145.383.323.383h15.354c.179 0 .323-.172.323-.383V.896c0-.212-.144-.383-.323-.383H.451C.273.513.128.684.128.896Zm16 6.742h-.901V4.679H1.009v10.729h14.218v-3.336h.901V7.638ZM1.01 1.614h14.218v2.058H1.009V1.614Z\" \/>\n\t<path d=\"M20.5 9.846H8.312M18.524 6.953l2.89 2.909-2.855 2.855\" stroke-width=\"1.2\" stroke-linecap=\"round\" stroke-linejoin=\"round\"\/>\n<\/svg>\n\t\t\t\t\t\t<button\n\t\t\t\t\t\t\tclass=\"tribe-events-c-subscribe-dropdown__button-text\"\n\t\t\t\t\t\t\taria-expanded=\"false\"\n\t\t\t\t\t\t\taria-controls=\"tribe-events-subscribe-dropdown-content\"\n\t\t\t\t\t\t\taria-label=\"View links to add events to your calendar\"\n\t\t\t\t\t\t>\n\t\t\t\t\t\t\tAdd to calendar\t\t\t\t\t\t<\/button>\n\t\t\t\t\t\t<svg\n\t class=\"tribe-common-c-svgicon tribe-common-c-svgicon--caret-down tribe-events-c-subscribe-dropdown__button-icon\" \taria-hidden=\"true\"\n\tviewBox=\"0 0 10 7\"\n\txmlns=\"http:\/\/www.w3.org\/2000\/svg\"\n>\n\t<path fill-rule=\"evenodd\" clip-rule=\"evenodd\" d=\"M1.008.609L5 4.6 8.992.61l.958.958L5 6.517.05 1.566l.958-.958z\" class=\"tribe-common-c-svgicon__svg-fill\"\/>\n<\/svg>\n\t\t\t\t\t<\/div>\n\t\t\t\t\t<div id=\"tribe-events-subscribe-dropdown-content\" class=\"tribe-events-c-subscribe-dropdown__content\">\n\t\t\t\t\t\t<ul class=\"tribe-events-c-subscribe-dropdown__list\">\n\t\t\t\t\t\t\t\t\t\t\t\t\t\t\t<li class=\"tribe-events-c-subscribe-dropdown__list-item tribe-events-c-subscribe-dropdown__list-item--gcal\">\n\t\t\t\t\t\t\t\t\t<a\n\t\t\t\t\t\t\t\t\t\thref=\"https:\/\/www.google.com\/calendar\/event?action=TEMPLATE&#038;dates=20220326T140000\/20220326T233000&#038;text=F%C3%AAte%20d%26%238217%3Binauguration%20%21&#038;details=%3Cp%3E%3Cimg+height%3D%2216%22+width%3D%2216%22+src%3D%22https%3A%2F%2Fstatic.xx.fbcdn.net%2Fimages%2Femoji.php%2Fv9%2Ftf4%2F1%2F16%2F2728.png%22+alt%3D%22%E2%9C%A8%22%2F%3E%C2%A0Notre+caf%C3%A9+est+ouvert+depuis+quelques+semaines+maintenant%2C+alors+ce+samedi+26+mars+on+vous+invite+%C3%A0+venir+f%C3%AAter+%C3%A7a+avec+nous+%21%C2%A0%3Cimg+height%3D%2216%22+width%3D%2216%22+src%3D%22https%3A%2F%2Fstatic.xx.fbcdn.net%2Fimages%2Femoji.php%2Fv9%2Ftf4%2F1%2F16%2F2728.png%22+alt%3D%22%E2%9C%A8%22%2F%3ED%C3%A8s+14h%2C+ateliers%2C+animations+et+concerts+gratuits+animeront+la+Grand%27Place%21+%3C%2Fp%3E+%3Cp%3EFood+Truck+et+petite+restauration+sont+pr%C3%A9vus%2C+et+une+soir%C3%A9e+festive+chez+Denise+cl%C3%B4turera+cette+belle+journ%C3%A9e.%C2%A0%3Cimg+height%3D%2216%22+width%3D%2216%22+src%3D%22https%3A%2F%2Fstatic.xx.fbcdn.net%2Fimages%2Femoji.php%2Fv9%2Ft8c%2F1%2F16%2F1f389.png%22+alt%3D%22%F0%9F%8E%89%22%2F%3EL%27occasion+de+d%C3%A9couvrir+ce+fantastique+endroit+si+ce+n%27est+pas+encore+fait+%21%C2%A0%3Cimg+height%3D%2216%22+width%3D%2216%22+src%3D%22https%3A%2F%2Fstatic.xx.fbcdn.net%2Fimages%2Femoji.php%2Fv9%2Ftb7%2F1%2F16%2F1f917.png%22+alt%3D%22%F0%9F%A4%97%22%2F%3E%3C%2Fp%3E+%3Cp%3E14h+%3A+Mot+d%27accueil%3Cbr+%2F%3E15h-17h+%3A+Animations+pour+tout.e.s+%28Rock%2C+cr%C3%A9ation+florale%2C+yoga%2C...%29%3Cbr+%2F%3E17h30+%3A+Pr%C3%A9senta%3C%2Fp%3E+%28View+Full+event+Description+Here%3A+https%3A%2F%2Fruchedenise.be%2Findex.php%2Fevent%2Ffete-dinauguration%2F%29&#038;trp=false&#038;ctz=UTC+0&#038;sprop=website:https:\/\/ruchedenise.be\"\n\t\t\t\t\t\t\t\t\t\tclass=\"tribe-events-c-subscribe-dropdown__list-item-link\"\n\t\t\t\t\t\t\t\t\t\ttarget=\"_blank\"\n\t\t\t\t\t\t\t\t\t\trel=\"noopener noreferrer nofollow noindex\"\n\t\t\t\t\t\t\t\t\t>\n\t\t\t\t\t\t\t\t\t\tGoogle Calendar\t\t\t\t\t\t\t\t\t<\/a>\n\t\t\t\t\t\t\t\t<\/li>\n\t\t\t\t\t\t\t\t\t\t\t\t\t\t\t<li class=\"tribe-events-c-subscribe-dropdown__list-item tribe-events-c-subscribe-dropdown__list-item--ical\">\n\t\t\t\t\t\t\t\t\t<a\n\t\t\t\t\t\t\t\t\t\thref=\"\"\n\t\t\t\t\t\t\t\t\t\tclass=\"tribe-events-c-subscribe-dropdown__list-item-link\"\n\t\t\t\t\t\t\t\t\t\ttarget=\"_blank\"\n\t\t\t\t\t\t\t\t\t\trel=\"noopener noreferrer nofollow noindex\"\n\t\t\t\t\t\t\t\t\t>\n\t\t\t\t\t\t\t\t\t\tiCalendar\t\t\t\t\t\t\t\t\t<\/a>\n\t\t\t\t\t\t\t\t<\/li>\n\t\t\t\t\t\t\t\t\t\t\t\t\t\t\t<li class=\"tribe-events-c-subscribe-dropdown__list-item tribe-events-c-subscribe-dropdown__list-item--outlook-365\">\n\t\t\t\t\t\t\t\t\t<a\n\t\t\t\t\t\t\t\t\t\thref=\"\"\n\t\t\t\t\t\t\t\t\t\tclass=\"tribe-events-c-subscribe-dropdown__list-item-link\"\n\t\t\t\t\t\t\t\t\t\ttarget=\"_blank\"\n\t\t\t\t\t\t\t\t\t\trel=\"noopener noreferrer nofollow noindex\"\n\t\t\t\t\t\t\t\t\t>\n\t\t\t\t\t\t\t\t\t\tOutlook 365\t\t\t\t\t\t\t\t\t<\/a>\n\t\t\t\t\t\t\t\t<\/li>\n\t\t\t\t\t\t\t\t\t\t\t\t\t\t\t<li class=\"tribe-events-c-subscribe-dropdown__list-item tribe-events-c-subscribe-dropdown__list-item--outlook-live\">\n\t\t\t\t\t\t\t\t\t<a\n\t\t\t\t\t\t\t\t\t\thref=\"\"\n\t\t\t\t\t\t\t\t\t\tclass=\"tribe-events-c-subscribe-dropdown__list-item-link\"\n\t\t\t\t\t\t\t\t\t\ttarget=\"_blank\"\n\t\t\t\t\t\t\t\t\t\trel=\"noopener noreferrer nofollow noindex\"\n\t\t\t\t\t\t\t\t\t>\n\t\t\t\t\t\t\t\t\t\tOutlook Live\t\t\t\t\t\t\t\t\t<\/a>\n\t\t\t\t\t\t\t\t<\/li>\n\t\t\t\t\t\t\t\t\t\t\t\t\t<\/ul>\n\t\t\t\t\t<\/div>\n\t\t\t\t<\/div>\n\t\t\t<\/div>\n\t\t<\/div>\n\t<\/div>\n\n\n\n\n\n\n\n","protected":false},"excerpt":{"rendered":"<p>\u00a0Notre caf\u00e9 est ouvert depuis quelques semaines maintenant, alors ce samedi 26 mars on vous invite \u00e0 venir f\u00eater \u00e7a avec nous !\u00a0D\u00e8s 14h, ateliers, animations et concerts gratuits animeront la Grand&#8217;Place! Food Truck et petite restauration sont pr\u00e9vus, et une soir\u00e9e festive chez Denise cl\u00f4turera cette belle journ\u00e9e.\u00a0L&#8217;occasion de d\u00e9couvrir ce [&hellip;]<\/p>\n","protected":false},"author":2,"featured_media":6116,"template":"","meta":{"_monsterinsights_skip_tracking":false,"_monsterinsights_sitenote_active":false,"_monsterinsights_sitenote_note":"","_monsterinsights_sitenote_category":0,"_price":"","_stock":"","_tribe_ticket_header":"","_tribe_default_ticket_provider":"","_tribe_ticket_capacity":"","_ticket_start_date":"","_ticket_end_date":"","_tribe_ticket_show_description":"","_tribe_ticket_show_not_going":false,"_tribe_ticket_use_global_stock":"","_tribe_ticket_global_stock_level":"","_global_stock_mode":"","_global_stock_cap":"","_tribe_rsvp_for_event":"","_tribe_ticket_going_count":"","_tribe_ticket_not_going_count":"","_tribe_tickets_list":"[]","_tribe_ticket_has_attendee_info_fields":false,"_EventAllDay":false,"_EventTimezone":"UTC+0","_EventStartDate":"2022-03-26 14:00:00","_EventEndDate":"2022-03-26 23:30:00","_EventStartDateUTC":"2022-03-26 14:00:00","_EventEndDateUTC":"2022-03-26 23:30:00","_EventShowMap":true,"_EventShowMapLink":true,"_EventURL":"https:\/\/www.facebook.com\/events\/1232673463930694","_EventCost":"","_EventCostDescription":"","_EventCurrencySymbol":"\u20ac","_EventCurrencyCode":"","_EventCurrencyPosition":"prefix","_EventDateTimeSeparator":" @ ","_EventTimeRangeSeparator":" - ","_EventOrganizerID":[5626],"_EventVenueID":[0],"_OrganizerEmail":"","_OrganizerPhone":"","_OrganizerWebsite":"","_VenueAddress":"","_VenueCity":"","_VenueCountry":"","_VenueProvince":"","_VenueState":"","_VenueZip":"","_VenuePhone":"","_VenueURL":"","_VenueStateProvince":"","_VenueLat":"","_VenueLng":"","_VenueShowMap":false,"_VenueShowMapLink":false,"_tribe_events_status":"","_tribe_events_status_reason":"","footnotes":"","_tec_slr_enabled":"","_tec_slr_layout":""},"tags":[],"tribe_events_cat":[],"class_list":["post-6115","tribe_events","type-tribe_events","status-publish","has-post-thumbnail","hentry"],"ticketed":false,"_links":{"self":[{"href":"https:\/\/ruchedenise.be\/index.php\/wp-json\/wp\/v2\/tribe_events\/6115","targetHints":{"allow":["GET"]}}],"collection":[{"href":"https:\/\/ruchedenise.be\/index.php\/wp-json\/wp\/v2\/tribe_events"}],"about":[{"href":"https:\/\/ruchedenise.be\/index.php\/wp-json\/wp\/v2\/types\/tribe_events"}],"author":[{"embeddable":true,"href":"https:\/\/ruchedenise.be\/index.php\/wp-json\/wp\/v2\/users\/2"}],"version-history":[{"count":1,"href":"https:\/\/ruchedenise.be\/index.php\/wp-json\/wp\/v2\/tribe_events\/6115\/revisions"}],"predecessor-version":[{"id":6117,"href":"https:\/\/ruchedenise.be\/index.php\/wp-json\/wp\/v2\/tribe_events\/6115\/revisions\/6117"}],"wp:featuredmedia":[{"embeddable":true,"href":"https:\/\/ruchedenise.be\/index.php\/wp-json\/wp\/v2\/media\/6116"}],"wp:attachment":[{"href":"https:\/\/ruchedenise.be\/index.php\/wp-json\/wp\/v2\/media?parent=6115"}],"wp:term":[{"taxonomy":"post_tag","embeddable":true,"href":"https:\/\/ruchedenise.be\/index.php\/wp-json\/wp\/v2\/tags?post=6115"},{"taxonomy":"tribe_events_cat","embeddable":true,"href":"https:\/\/ruchedenise.be\/index.php\/wp-json\/wp\/v2\/tribe_events_cat?post=6115"}],"curies":[{"name":"wp","href":"https:\/\/api.w.org\/{rel}","templated":true}]}}