{"id":7919,"date":"2023-05-02T08:28:48","date_gmt":"2023-05-02T08:28:48","guid":{"rendered":"https:\/\/ruchedenise.be\/?post_type=tribe_events&#038;p=7919"},"modified":"2023-05-02T08:28:48","modified_gmt":"2023-05-02T08:28:48","slug":"vide-dressing-11","status":"publish","type":"tribe_events","link":"https:\/\/ruchedenise.be\/index.php\/event\/vide-dressing-11\/","title":{"rendered":"<strong>Vide-Dressing<\/strong>"},"content":{"rendered":"<div  class=\"tribe-events-schedule tribe-clearfix\" >\n\t<p class=\"tribe-events-schedule__datetime\">\n\t\t<span class=\"tribe-events-schedule__date tribe-events-schedule__date--start\">\n\t\t\tJune 4, 2023\t\t<\/span>\n\n\t\t\t\t\t<span class=\"tribe-events-schedule__separator tribe-events-schedule__separator--date\">\n\t\t\t\t @ \t\t\t<\/span>\n\t\t\t<span class=\"tribe-events-schedule__time tribe-events-schedule__time--start\">\n\t\t\t\t9:00 am\t\t\t<\/span>\n\t\t\n\t\t\t\t\t\t\t\t\t<span class=\"tribe-events-schedule__separator tribe-events-schedule__separator--time\">\n\t\t\t\t\t &#8211; \t\t\t\t<\/span>\n\t\t\t\n\t\t\t\t\t\t\t<span class=\"tribe-events-schedule__time tribe-events-schedule__time--end\">\n\t\t\t\t\t1:00 pm\t\t\t\t<\/span>\n\t\t\t\n\t\t\t\t\t\t<\/p>\n<\/div>\n\n\n\n<p><img loading=\"lazy\" decoding=\"async\" height=\"16\" width=\"16\" alt=\"\ud83d\udc57\" src=\"https:\/\/static.xx.fbcdn.net\/images\/emoji.php\/v9\/tee\/1\/16\/1f457.png\">&nbsp;Chaque premier dimanche du mois, c\u2019est vide-dressing chez Denise ! L\u2019occasion, au fil des saisons, de renouveler (ou faire de la place dans) sa garde-robe, chiner, faire des bonnes affaires, et passer un bon moment autour d\u2019un caf\u00e9 et de petites douceurs.&nbsp;<img loading=\"lazy\" decoding=\"async\" height=\"16\" width=\"16\" alt=\"\u2615\" src=\"https:\/\/static.xx.fbcdn.net\/images\/emoji.php\/v9\/t91\/1\/16\/2615.png\"><img loading=\"lazy\" decoding=\"async\" height=\"16\" width=\"16\" alt=\"\ud83c\udf6a\" src=\"https:\/\/static.xx.fbcdn.net\/images\/emoji.php\/v9\/t76\/1\/16\/1f36a.png\"><\/p>\n\n\n\n<p><img loading=\"lazy\" decoding=\"async\" height=\"16\" width=\"16\" alt=\"\ud83d\udc49\" src=\"https:\/\/static.xx.fbcdn.net\/images\/emoji.php\/v9\/t51\/1\/16\/1f449.png\">&nbsp;10 emplacements de vente sont disponibles \u00e0 la r\u00e9servation au prix de 10 euros, au profit de la coop\u00e9rative. Installation et rangement une heure avant et apr\u00e8s l\u2019\u00e9v\u00e8nement.<\/p>\n\n\n\n<p><img loading=\"lazy\" decoding=\"async\" height=\"16\" width=\"16\" alt=\"\ud83d\udcde\" src=\"https:\/\/static.xx.fbcdn.net\/images\/emoji.php\/v9\/t4d\/1\/16\/1f4de.png\">&nbsp;R\u00e9servation par mail : hello@ruchedenise.be<\/p>\n\n\n<div  class=\"tribe-block tribe-block__event-price\" >\n\t\t<\/div>\n\n\n<div  class=\"tribe-block tribe-block__organizer__details tribe-clearfix\" >\n\t<div class=\"tribe-block__organizer__title\">\n\t\t<h3><a href=\"https:\/\/ruchedenise.be\/index.php\/organizer\/denise-ruche-citoyenne\/\" title=\"Denise &#8211; Ruche Citoyenne\" target=\"_self\" rel=\"\">Denise &#8211; Ruche Citoyenne<\/a><\/h3>\n\t<\/div>\n\t\t\t\t\t<p class=\"tribe-block__organizer__email\">&#104;&#101;&#108;l&#111;&#064;&#114;u&#099;&#104;&#101;d&#101;&#110;&#105;&#115;&#101;.b&#101;<\/p>\n\t<\/div>\n\n\n<div  class=\"tribe-block tribe-block__venue tribe-clearfix tribe-block__venue--has-map\" >\n\t\n\t\t\n\t<\/div>\n\n\n\n\n\t<div  class=\"tribe-block tribe-block__events-link\" >\n\t\t<div class=\"tribe-events tribe-common\">\n\t\t\t<div class=\"tribe-events-c-subscribe-dropdown__container\">\n\t\t\t\t<div class=\"tribe-events-c-subscribe-dropdown\">\n\t\t\t\t\t<div class=\"tribe-common-c-btn-border tribe-events-c-subscribe-dropdown__button\">\n\t\t\t\t\t\t<svg\n\t class=\"tribe-common-c-svgicon tribe-common-c-svgicon--cal-export tribe-events-c-subscribe-dropdown__export-icon\" \taria-hidden=\"true\"\n\tviewBox=\"0 0 23 17\"\n\txmlns=\"http:\/\/www.w3.org\/2000\/svg\"\n>\n\t<path fill-rule=\"evenodd\" clip-rule=\"evenodd\" d=\"M.128.896V16.13c0 .211.145.383.323.383h15.354c.179 0 .323-.172.323-.383V.896c0-.212-.144-.383-.323-.383H.451C.273.513.128.684.128.896Zm16 6.742h-.901V4.679H1.009v10.729h14.218v-3.336h.901V7.638ZM1.01 1.614h14.218v2.058H1.009V1.614Z\" \/>\n\t<path d=\"M20.5 9.846H8.312M18.524 6.953l2.89 2.909-2.855 2.855\" stroke-width=\"1.2\" stroke-linecap=\"round\" stroke-linejoin=\"round\"\/>\n<\/svg>\n\t\t\t\t\t\t<button\n\t\t\t\t\t\t\tclass=\"tribe-events-c-subscribe-dropdown__button-text\"\n\t\t\t\t\t\t\taria-expanded=\"false\"\n\t\t\t\t\t\t\taria-controls=\"tribe-events-subscribe-dropdown-content\"\n\t\t\t\t\t\t\taria-label=\"View links to add events to your calendar\"\n\t\t\t\t\t\t>\n\t\t\t\t\t\t\tAdd to calendar\t\t\t\t\t\t<\/button>\n\t\t\t\t\t\t<svg\n\t class=\"tribe-common-c-svgicon tribe-common-c-svgicon--caret-down tribe-events-c-subscribe-dropdown__button-icon\" \taria-hidden=\"true\"\n\tviewBox=\"0 0 10 7\"\n\txmlns=\"http:\/\/www.w3.org\/2000\/svg\"\n>\n\t<path fill-rule=\"evenodd\" clip-rule=\"evenodd\" d=\"M1.008.609L5 4.6 8.992.61l.958.958L5 6.517.05 1.566l.958-.958z\" class=\"tribe-common-c-svgicon__svg-fill\"\/>\n<\/svg>\n\t\t\t\t\t<\/div>\n\t\t\t\t\t<div id=\"tribe-events-subscribe-dropdown-content\" class=\"tribe-events-c-subscribe-dropdown__content\">\n\t\t\t\t\t\t<ul class=\"tribe-events-c-subscribe-dropdown__list\">\n\t\t\t\t\t\t\t\t\t\t\t\t\t\t\t<li class=\"tribe-events-c-subscribe-dropdown__list-item tribe-events-c-subscribe-dropdown__list-item--gcal\">\n\t\t\t\t\t\t\t\t\t<a\n\t\t\t\t\t\t\t\t\t\thref=\"https:\/\/www.google.com\/calendar\/event?action=TEMPLATE&#038;dates=20230604T090000\/20230604T130000&#038;text=%3Cstrong%3EVide-Dressing%3C%2Fstrong%3E&#038;details=%3Cp%3E%3Cimg+height%3D%2216%22+width%3D%2216%22+alt%3D%22%F0%9F%91%97%22+src%3D%22https%3A%2F%2Fstatic.xx.fbcdn.net%2Fimages%2Femoji.php%2Fv9%2Ftee%2F1%2F16%2F1f457.png%22%2F%3E%26nbsp%3BChaque+premier+dimanche+du+mois%2C+c%E2%80%99est+vide-dressing+chez+Denise+%21+L%E2%80%99occasion%2C+au+fil+des+saisons%2C+de+renouveler+%28ou+faire+de+la+place+dans%29+sa+garde-robe%2C+chiner%2C+faire+des+bonnes+affaires%2C+et+passer+un+bon+moment+autour+d%E2%80%99un+caf%C3%A9+et+de+petites+douceurs.%26nbsp%3B%3Cimg+height%3D%2216%22+width%3D%2216%22+alt%3D%22%E2%98%95%22+src%3D%22https%3A%2F%2Fstatic.xx.fbcdn.net%2Fimages%2Femoji.php%2Fv9%2Ft91%2F1%2F16%2F2615.png%22%2F%3E%3Cimg+height%3D%2216%22+width%3D%2216%22+alt%3D%22%F0%9F%8D%AA%22+src%3D%22https%3A%2F%2Fstatic.xx.fbcdn.net%2Fimages%2Femoji.php%2Fv9%2Ft76%2F1%2F16%2F1f36a.png%22%2F%3E%3C%2Fp%3E+%3Cp%3E%3Cimg+height%3D%2216%22+width%3D%2216%22+alt%3D%22%F0%9F%91%89%22+src%3D%22https%3A%2F%2Fstatic.xx.fbcdn.net%2Fimages%2Femoji.php%2Fv9%2Ft51%2F1%2F16%2F1f449.png%22%2F%3E%26nbsp%3B10+emplacements+de+vente+sont+disponibles+%C3%A0+la+r%C3%A9servation+au+prix+de+10+euros%2C+au+profit+de+la+coop%C3%A9rative.+Installation+et+rangement+une+heure+avant+et+apr%C3%A8s+l%E2%80%99%C3%A9v%C3%A8nement.%3C%2Fp%3E+%3Cp%3E%3Cimg+height%3D%2216%22+width%3D%2216%22+alt%3D%22%F0%9F%93%9E%22+src%3D%22https%3A%2F%2Fstatic.x%3C%2Fp%3E+%28View+Full+event+Description+Here%3A+https%3A%2F%2Fruchedenise.be%2Findex.php%2Fevent%2Fvide-dressing-11%2F%29&#038;trp=false&#038;ctz=UTC+0&#038;sprop=website:https:\/\/ruchedenise.be\"\n\t\t\t\t\t\t\t\t\t\tclass=\"tribe-events-c-subscribe-dropdown__list-item-link\"\n\t\t\t\t\t\t\t\t\t\ttarget=\"_blank\"\n\t\t\t\t\t\t\t\t\t\trel=\"noopener noreferrer nofollow noindex\"\n\t\t\t\t\t\t\t\t\t>\n\t\t\t\t\t\t\t\t\t\tGoogle Calendar\t\t\t\t\t\t\t\t\t<\/a>\n\t\t\t\t\t\t\t\t<\/li>\n\t\t\t\t\t\t\t\t\t\t\t\t\t\t\t<li class=\"tribe-events-c-subscribe-dropdown__list-item tribe-events-c-subscribe-dropdown__list-item--ical\">\n\t\t\t\t\t\t\t\t\t<a\n\t\t\t\t\t\t\t\t\t\thref=\"\"\n\t\t\t\t\t\t\t\t\t\tclass=\"tribe-events-c-subscribe-dropdown__list-item-link\"\n\t\t\t\t\t\t\t\t\t\ttarget=\"_blank\"\n\t\t\t\t\t\t\t\t\t\trel=\"noopener noreferrer nofollow noindex\"\n\t\t\t\t\t\t\t\t\t>\n\t\t\t\t\t\t\t\t\t\tiCalendar\t\t\t\t\t\t\t\t\t<\/a>\n\t\t\t\t\t\t\t\t<\/li>\n\t\t\t\t\t\t\t\t\t\t\t\t\t\t\t<li class=\"tribe-events-c-subscribe-dropdown__list-item tribe-events-c-subscribe-dropdown__list-item--outlook-365\">\n\t\t\t\t\t\t\t\t\t<a\n\t\t\t\t\t\t\t\t\t\thref=\"\"\n\t\t\t\t\t\t\t\t\t\tclass=\"tribe-events-c-subscribe-dropdown__list-item-link\"\n\t\t\t\t\t\t\t\t\t\ttarget=\"_blank\"\n\t\t\t\t\t\t\t\t\t\trel=\"noopener noreferrer nofollow noindex\"\n\t\t\t\t\t\t\t\t\t>\n\t\t\t\t\t\t\t\t\t\tOutlook 365\t\t\t\t\t\t\t\t\t<\/a>\n\t\t\t\t\t\t\t\t<\/li>\n\t\t\t\t\t\t\t\t\t\t\t\t\t\t\t<li class=\"tribe-events-c-subscribe-dropdown__list-item tribe-events-c-subscribe-dropdown__list-item--outlook-live\">\n\t\t\t\t\t\t\t\t\t<a\n\t\t\t\t\t\t\t\t\t\thref=\"\"\n\t\t\t\t\t\t\t\t\t\tclass=\"tribe-events-c-subscribe-dropdown__list-item-link\"\n\t\t\t\t\t\t\t\t\t\ttarget=\"_blank\"\n\t\t\t\t\t\t\t\t\t\trel=\"noopener noreferrer nofollow noindex\"\n\t\t\t\t\t\t\t\t\t>\n\t\t\t\t\t\t\t\t\t\tOutlook Live\t\t\t\t\t\t\t\t\t<\/a>\n\t\t\t\t\t\t\t\t<\/li>\n\t\t\t\t\t\t\t\t\t\t\t\t\t<\/ul>\n\t\t\t\t\t<\/div>\n\t\t\t\t<\/div>\n\t\t\t<\/div>\n\t\t<\/div>\n\t<\/div>\n\n\n\n\n\n\n\n","protected":false},"excerpt":{"rendered":"<p>&nbsp;Chaque premier dimanche du mois, c\u2019est vide-dressing chez Denise ! L\u2019occasion, au fil des saisons, de renouveler (ou faire de la place dans) sa garde-robe, chiner, faire des bonnes affaires, et passer un bon moment autour d\u2019un caf\u00e9 et de petites douceurs.&nbsp; &nbsp;10 emplacements de vente sont disponibles \u00e0 la r\u00e9servation au [&hellip;]<\/p>\n","protected":false},"author":2,"featured_media":7920,"template":"","meta":{"_monsterinsights_skip_tracking":false,"_monsterinsights_sitenote_active":false,"_monsterinsights_sitenote_note":"","_monsterinsights_sitenote_category":0,"_price":"","_stock":"","_tribe_ticket_header":"","_tribe_default_ticket_provider":"","_tribe_ticket_capacity":"","_ticket_start_date":"","_ticket_end_date":"","_tribe_ticket_show_description":"","_tribe_ticket_show_not_going":false,"_tribe_ticket_use_global_stock":"","_tribe_ticket_global_stock_level":"","_global_stock_mode":"","_global_stock_cap":"","_tribe_rsvp_for_event":"","_tribe_ticket_going_count":"","_tribe_ticket_not_going_count":"","_tribe_tickets_list":"[]","_tribe_ticket_has_attendee_info_fields":false,"_EventAllDay":false,"_EventTimezone":"UTC+0","_EventStartDate":"2023-06-04 09:00:00","_EventEndDate":"2023-06-04 13:00:00","_EventStartDateUTC":"2023-06-04 09:00:00","_EventEndDateUTC":"2023-06-04 13:00:00","_EventShowMap":true,"_EventShowMapLink":true,"_EventURL":"","_EventCost":"","_EventCostDescription":"","_EventCurrencySymbol":"\u20ac","_EventCurrencyCode":"USD","_EventCurrencyPosition":"prefix","_EventDateTimeSeparator":" @ ","_EventTimeRangeSeparator":" - ","_EventOrganizerID":[],"_EventVenueID":[0],"_OrganizerEmail":"","_OrganizerPhone":"","_OrganizerWebsite":"","_VenueAddress":"","_VenueCity":"","_VenueCountry":"","_VenueProvince":"","_VenueState":"","_VenueZip":"","_VenuePhone":"","_VenueURL":"","_VenueStateProvince":"","_VenueLat":"","_VenueLng":"","_VenueShowMap":false,"_VenueShowMapLink":false,"_tribe_events_status":"","_tribe_events_status_reason":"","footnotes":"","_tec_slr_enabled":"","_tec_slr_layout":""},"tags":[],"tribe_events_cat":[],"class_list":["post-7919","tribe_events","type-tribe_events","status-publish","has-post-thumbnail","hentry"],"ticketed":false,"_links":{"self":[{"href":"https:\/\/ruchedenise.be\/index.php\/wp-json\/wp\/v2\/tribe_events\/7919","targetHints":{"allow":["GET"]}}],"collection":[{"href":"https:\/\/ruchedenise.be\/index.php\/wp-json\/wp\/v2\/tribe_events"}],"about":[{"href":"https:\/\/ruchedenise.be\/index.php\/wp-json\/wp\/v2\/types\/tribe_events"}],"author":[{"embeddable":true,"href":"https:\/\/ruchedenise.be\/index.php\/wp-json\/wp\/v2\/users\/2"}],"version-history":[{"count":1,"href":"https:\/\/ruchedenise.be\/index.php\/wp-json\/wp\/v2\/tribe_events\/7919\/revisions"}],"predecessor-version":[{"id":7921,"href":"https:\/\/ruchedenise.be\/index.php\/wp-json\/wp\/v2\/tribe_events\/7919\/revisions\/7921"}],"wp:featuredmedia":[{"embeddable":true,"href":"https:\/\/ruchedenise.be\/index.php\/wp-json\/wp\/v2\/media\/7920"}],"wp:attachment":[{"href":"https:\/\/ruchedenise.be\/index.php\/wp-json\/wp\/v2\/media?parent=7919"}],"wp:term":[{"taxonomy":"post_tag","embeddable":true,"href":"https:\/\/ruchedenise.be\/index.php\/wp-json\/wp\/v2\/tags?post=7919"},{"taxonomy":"tribe_events_cat","embeddable":true,"href":"https:\/\/ruchedenise.be\/index.php\/wp-json\/wp\/v2\/tribe_events_cat?post=7919"}],"curies":[{"name":"wp","href":"https:\/\/api.w.org\/{rel}","templated":true}]}}