{"id":8047,"date":"2023-09-15T12:03:45","date_gmt":"2023-09-15T12:03:45","guid":{"rendered":"https:\/\/ruchedenise.be\/?post_type=tribe_events&#038;p=8047"},"modified":"2023-09-15T12:03:48","modified_gmt":"2023-09-15T12:03:48","slug":"week-end-anniversaire-de-faut-quca-bouge","status":"publish","type":"tribe_events","link":"https:\/\/ruchedenise.be\/index.php\/event\/week-end-anniversaire-de-faut-quca-bouge\/","title":{"rendered":"Week-end anniversaire de Faut qu&#8217;\u00e7a Bouge !"},"content":{"rendered":"<div  class=\"tribe-events-schedule tribe-clearfix\" >\n\t<p class=\"tribe-events-schedule__datetime\">\n\t\t<span class=\"tribe-events-schedule__date tribe-events-schedule__date--start\">\n\t\t\tSeptember 22, 2023\t\t<\/span>\n\n\t\t\t\t\t<span class=\"tribe-events-schedule__separator tribe-events-schedule__separator--date\">\n\t\t\t\t @ \t\t\t<\/span>\n\t\t\t<span class=\"tribe-events-schedule__time tribe-events-schedule__time--start\">\n\t\t\t\t7:00 pm\t\t\t<\/span>\n\t\t\n\t\t\t\t\t\t\t\t\t<span class=\"tribe-events-schedule__separator tribe-events-schedule__separator--time\">\n\t\t\t\t\t &#8211; \t\t\t\t<\/span>\n\t\t\t\n\t\t\t\t\t\t\t<span class=\"tribe-events-schedule__date tribe-events-schedule__date--end\">\n\t\t\t\t\tSeptember 23, 2023\t\t\t\t<\/span>\n\n\t\t\t\t\t\t\t\t\t<span class=\"tribe-events-schedule__separator tribe-events-schedule__separator--date\">\n\t\t\t\t\t\t @ \t\t\t\t\t<\/span>\n\t\t\t\t\t<span class=\"tribe-events-schedule__time tribe-events-schedule__time--end\">\n\t\t\t\t\t\t11:30 pm\t\t\t\t\t<\/span>\n\t\t\t\t\n\t\t\t\n\t\t\t\t\t\t<\/p>\n<\/div>\n\n\n\n<p>Faut Qu\u2019\u00e7a Bouge f\u00eate ses 5 ans !<\/p>\n\n\n\n<p>\u00c0 cette occasion, nous vous proposons deux jours de folie ! <img loading=\"lazy\" decoding=\"async\" height=\"16\" width=\"16\" alt=\"\ud83c\udf82\" src=\"https:\/\/static.xx.fbcdn.net\/images\/emoji.php\/v9\/t5\/1\/16\/1f382.png\"><\/p>\n\n\n\n<p><img loading=\"lazy\" decoding=\"async\" height=\"16\" width=\"16\" alt=\"\ud83e\udd41\" src=\"https:\/\/static.xx.fbcdn.net\/images\/emoji.php\/v9\/t8e\/1\/16\/1f941.png\"> Au programme <img loading=\"lazy\" decoding=\"async\" height=\"16\" width=\"16\" alt=\"\ud83e\udd41\" src=\"https:\/\/static.xx.fbcdn.net\/images\/emoji.php\/v9\/t8e\/1\/16\/1f941.png\"><\/p>\n\n\n\n<p><a><\/a>Vendredi 22<\/p>\n\n\n\n<p>17h30 \u2022 Afterwork sur la Grand\u2019Place en collaboration avec la <a href=\"https:\/\/www.facebook.com\/ruchedenise?__cft__[0]=AZVTkFZwZLYiegvAN24OmL0vxYqHZdeutY7SLTeGvuNp0Veb8sYlv18QibtzaicA6uBPX0LWvH3pyyUA0s4P9tBEkEnWaVSMqzIB-KBwjLEzxZgI225NWEMj2oOM_dqh1bm31AP1-sovt0YSOWvQnf9TXRBZNCH4_7j2T2-u1aS10PNjfzcwQmlxVGrWMgNxyRA&amp;__tn__=-]K-R\">Denise &#8211; Ruche citoyenne<\/a> et le <a href=\"https:\/\/www.facebook.com\/profile.php?id=100064330801913&amp;__cft__[0]=AZVTkFZwZLYiegvAN24OmL0vxYqHZdeutY7SLTeGvuNp0Veb8sYlv18QibtzaicA6uBPX0LWvH3pyyUA0s4P9tBEkEnWaVSMqzIB-KBwjLEzxZgI225NWEMj2oOM_dqh1bm31AP1-sovt0YSOWvQnf9TXRBZNCH4_7j2T2-u1aS10PNjfzcwQmlxVGrWMgNxyRA&amp;__tn__=-]K-R\">Quatorze35<\/a> !<\/p>\n\n\n\n<p>20h00 \u2022 Concert de Volt Selector<\/p>\n\n\n\n<p>22h30 \u2022 Concert de Green Side of Life<\/p>\n\n\n\n<p>00h00 \u2022 After \u2022 DJ <img loading=\"lazy\" decoding=\"async\" height=\"16\" width=\"16\" alt=\"\ud83c\udfb8\" src=\"https:\/\/static.xx.fbcdn.net\/images\/emoji.php\/v9\/t21\/1\/16\/1f3b8.png\"><\/p>\n\n\n\n<p>Samedi 23<\/p>\n\n\n\n<p>\u00c0 partir de 15h \u2022 Rendez-vous sur la Grand\u2019Place !<\/p>\n\n\n\n<p><img loading=\"lazy\" decoding=\"async\" height=\"16\" width=\"16\" alt=\"\ud83d\udc24\" src=\"https:\/\/static.xx.fbcdn.net\/images\/emoji.php\/v9\/t8e\/1\/16\/1f424.png\"> P\u00eache aux canards<\/p>\n\n\n\n<p><img loading=\"lazy\" decoding=\"async\" height=\"16\" width=\"16\" alt=\"\ud83d\udc38\" src=\"https:\/\/static.xx.fbcdn.net\/images\/emoji.php\/v9\/t31\/1\/16\/1f438.png\"> Grimages<\/p>\n\n\n\n<p><img loading=\"lazy\" decoding=\"async\" height=\"16\" width=\"16\" alt=\"\ud83d\udc51\" src=\"https:\/\/static.xx.fbcdn.net\/images\/emoji.php\/v9\/te8\/1\/16\/1f451.png\"> Ch\u00e2teau gonflable<\/p>\n\n\n\n<p><img loading=\"lazy\" decoding=\"async\" height=\"16\" width=\"16\" alt=\"\ud83c\udfa4\" src=\"https:\/\/static.xx.fbcdn.net\/images\/emoji.php\/v9\/t7e\/1\/16\/1f3a4.png\"> Karaok\u00e9 !<\/p>\n\n\n\n<p>20h \u2022 Concert de Ben Bosca<\/p>\n\n\n\n<p>22h30 \u2022 Concert de F\u00f8ksalfas<\/p>\n\n\n\n<p>00h00 \u2022 After \u2022 DJ <img loading=\"lazy\" decoding=\"async\" height=\"16\" width=\"16\" alt=\"\ud83c\udfa4\" src=\"https:\/\/static.xx.fbcdn.net\/images\/emoji.php\/v9\/t7e\/1\/16\/1f3a4.png\"><\/p>\n\n\n\n<p>Pr\u00e9vente \u2022 15\u20ac<\/p>\n\n\n\n<p>\u00c0 l\u2019entr\u00e9e \u2022 20\u20ac<\/p>\n\n\n\n<p>Pass week-end \u2022 25\u20ac<\/p>\n\n\n\n<p>Pr\u00e9vente disponible chez @dema_corbais_ ou sur le site fqcb.be<\/p>\n\n\n\n<p>Renseignements, r\u00e9servations : fqcb.be<\/p>\n\n\n\n<p>On vous attend nombreux ! <img loading=\"lazy\" decoding=\"async\" height=\"16\" width=\"16\" alt=\"\ud83e\udd41\" src=\"https:\/\/static.xx.fbcdn.net\/images\/emoji.php\/v9\/t8e\/1\/16\/1f941.png\"><\/p>\n\n\n<div  class=\"tribe-block tribe-block__event-price\" >\n\t\t<\/div>\n\n\n<div  class=\"tribe-block tribe-block__organizer__details tribe-clearfix\" >\n\t<div class=\"tribe-block__organizer__title\">\n\t\t<h3><a href=\"https:\/\/ruchedenise.be\/index.php\/organizer\/denise-ruche-citoyenne\/\" title=\"Denise &#8211; Ruche Citoyenne\" target=\"_self\" rel=\"\">Denise &#8211; Ruche Citoyenne<\/a><\/h3>\n\t<\/div>\n\t\t\t\t\t<p class=\"tribe-block__organizer__email\">&#104;el&#108;o&#064;r&#117;c&#104;&#101;de&#110;is&#101;.&#098;&#101;<\/p>\n\t<\/div>\n\n\n<div  class=\"tribe-block tribe-block__venue tribe-clearfix\" >\n\t\n\t\t\n\t<\/div>\n\n\n\n\n\t<div  class=\"tribe-block tribe-block__events-link\" >\n\t\t<div class=\"tribe-events tribe-common\">\n\t\t\t<div class=\"tribe-events-c-subscribe-dropdown__container\">\n\t\t\t\t<div class=\"tribe-events-c-subscribe-dropdown\">\n\t\t\t\t\t<div class=\"tribe-common-c-btn-border tribe-events-c-subscribe-dropdown__button\">\n\t\t\t\t\t\t<svg\n\t class=\"tribe-common-c-svgicon tribe-common-c-svgicon--cal-export tribe-events-c-subscribe-dropdown__export-icon\" \taria-hidden=\"true\"\n\tviewBox=\"0 0 23 17\"\n\txmlns=\"http:\/\/www.w3.org\/2000\/svg\"\n>\n\t<path fill-rule=\"evenodd\" clip-rule=\"evenodd\" d=\"M.128.896V16.13c0 .211.145.383.323.383h15.354c.179 0 .323-.172.323-.383V.896c0-.212-.144-.383-.323-.383H.451C.273.513.128.684.128.896Zm16 6.742h-.901V4.679H1.009v10.729h14.218v-3.336h.901V7.638ZM1.01 1.614h14.218v2.058H1.009V1.614Z\" \/>\n\t<path d=\"M20.5 9.846H8.312M18.524 6.953l2.89 2.909-2.855 2.855\" stroke-width=\"1.2\" stroke-linecap=\"round\" stroke-linejoin=\"round\"\/>\n<\/svg>\n\t\t\t\t\t\t<button\n\t\t\t\t\t\t\tclass=\"tribe-events-c-subscribe-dropdown__button-text\"\n\t\t\t\t\t\t\taria-expanded=\"false\"\n\t\t\t\t\t\t\taria-controls=\"tribe-events-subscribe-dropdown-content\"\n\t\t\t\t\t\t\taria-label=\"View links to add events to your calendar\"\n\t\t\t\t\t\t>\n\t\t\t\t\t\t\tAdd to calendar\t\t\t\t\t\t<\/button>\n\t\t\t\t\t\t<svg\n\t class=\"tribe-common-c-svgicon tribe-common-c-svgicon--caret-down tribe-events-c-subscribe-dropdown__button-icon\" \taria-hidden=\"true\"\n\tviewBox=\"0 0 10 7\"\n\txmlns=\"http:\/\/www.w3.org\/2000\/svg\"\n>\n\t<path fill-rule=\"evenodd\" clip-rule=\"evenodd\" d=\"M1.008.609L5 4.6 8.992.61l.958.958L5 6.517.05 1.566l.958-.958z\" class=\"tribe-common-c-svgicon__svg-fill\"\/>\n<\/svg>\n\t\t\t\t\t<\/div>\n\t\t\t\t\t<div id=\"tribe-events-subscribe-dropdown-content\" class=\"tribe-events-c-subscribe-dropdown__content\">\n\t\t\t\t\t\t<ul class=\"tribe-events-c-subscribe-dropdown__list\">\n\t\t\t\t\t\t\t\t\t\t\t\t\t\t\t<li class=\"tribe-events-c-subscribe-dropdown__list-item tribe-events-c-subscribe-dropdown__list-item--gcal\">\n\t\t\t\t\t\t\t\t\t<a\n\t\t\t\t\t\t\t\t\t\thref=\"https:\/\/www.google.com\/calendar\/event?action=TEMPLATE&#038;dates=20230922T190000\/20230923T233000&#038;text=Week-end%20anniversaire%20de%20Faut%20qu%26%238217%3B%C3%A7a%20Bouge%20%21&#038;details=%3Cp%3EFaut+Qu%E2%80%99%C3%A7a+Bouge+f%C3%AAte+ses+5+ans+%21%3C%2Fp%3E+%3Cp%3E%C3%80+cette+occasion%2C+nous+vous+proposons+deux+jours+de+folie+%21+%3Cimg+height%3D%2216%22+width%3D%2216%22+alt%3D%22%F0%9F%8E%82%22+src%3D%22https%3A%2F%2Fstatic.xx.fbcdn.net%2Fimages%2Femoji.php%2Fv9%2Ft5%2F1%2F16%2F1f382.png%22%2F%3E%3C%2Fp%3E+%3Cp%3E%3Cimg+height%3D%2216%22+width%3D%2216%22+alt%3D%22%F0%9F%A5%81%22+src%3D%22https%3A%2F%2Fstatic.xx.fbcdn.net%2Fimages%2Femoji.php%2Fv9%2Ft8e%2F1%2F16%2F1f941.png%22%2F%3E+Au+programme+%3Cimg+height%3D%2216%22+width%3D%2216%22+alt%3D%22%F0%9F%A5%81%22+src%3D%22https%3A%2F%2Fstatic.xx.fbcdn.net%2Fimages%2Femoji.php%2Fv9%2Ft8e%2F1%2F16%2F1f941.png%22%2F%3E%3C%2Fp%3E+%3Cp%3E%3Ca%3E%3C%2Fa%3EVendredi+22%3C%2Fp%3E+%3Cp%3E17h30+%E2%80%A2+Afterwork+sur+la+Grand%E2%80%99Place+en+collaboration+avec+la+%3Ca+href%3D%22https%3A%2F%2Fwww.facebook.com%2Fruchedenise%3F__cft__%5B0%5D%3DAZVTkFZwZLYiegvAN24OmL0vxYqHZdeutY7SLTeGvuNp0Veb8sYlv18QibtzaicA6uBPX0LWvH3pyyUA0s4P9tBEkEnWaVSMqzIB-KBwjLEzxZgI225NWEMj2oOM_dqh1bm31AP1-sovt0YSOWvQnf9TXRBZNCH4_7j2T2-u1aS10PNjfzcwQmlxVGrWMgNxyRA%26amp%3B__tn__%3D-%5DK-R%22%3EDenise+-+Ruche+citoyenne%3C%2Fa%3E+et+le+%3Ca+href%3D%22https%3A%2F%2Fwww.facebook.com%2Fprofile.php%3Fid%3D100064330801913%26amp%3B__cft__%5B0%5D%3DAZVTkFZwZLYiegvAN24OmL0vx%3C%2Fp%3E+%28View+Full+event+Description+Here%3A+https%3A%2F%2Fruchedenise.be%2Findex.php%2Fevent%2Fweek-end-anniversaire-de-faut-quca-bouge%2F%29&#038;trp=false&#038;ctz=UTC+0&#038;sprop=website:https:\/\/ruchedenise.be\"\n\t\t\t\t\t\t\t\t\t\tclass=\"tribe-events-c-subscribe-dropdown__list-item-link\"\n\t\t\t\t\t\t\t\t\t\ttarget=\"_blank\"\n\t\t\t\t\t\t\t\t\t\trel=\"noopener noreferrer nofollow noindex\"\n\t\t\t\t\t\t\t\t\t>\n\t\t\t\t\t\t\t\t\t\tGoogle Calendar\t\t\t\t\t\t\t\t\t<\/a>\n\t\t\t\t\t\t\t\t<\/li>\n\t\t\t\t\t\t\t\t\t\t\t\t\t\t\t<li class=\"tribe-events-c-subscribe-dropdown__list-item tribe-events-c-subscribe-dropdown__list-item--ical\">\n\t\t\t\t\t\t\t\t\t<a\n\t\t\t\t\t\t\t\t\t\thref=\"\"\n\t\t\t\t\t\t\t\t\t\tclass=\"tribe-events-c-subscribe-dropdown__list-item-link\"\n\t\t\t\t\t\t\t\t\t\ttarget=\"_blank\"\n\t\t\t\t\t\t\t\t\t\trel=\"noopener noreferrer nofollow noindex\"\n\t\t\t\t\t\t\t\t\t>\n\t\t\t\t\t\t\t\t\t\tiCalendar\t\t\t\t\t\t\t\t\t<\/a>\n\t\t\t\t\t\t\t\t<\/li>\n\t\t\t\t\t\t\t\t\t\t\t\t\t\t\t<li class=\"tribe-events-c-subscribe-dropdown__list-item tribe-events-c-subscribe-dropdown__list-item--outlook-365\">\n\t\t\t\t\t\t\t\t\t<a\n\t\t\t\t\t\t\t\t\t\thref=\"\"\n\t\t\t\t\t\t\t\t\t\tclass=\"tribe-events-c-subscribe-dropdown__list-item-link\"\n\t\t\t\t\t\t\t\t\t\ttarget=\"_blank\"\n\t\t\t\t\t\t\t\t\t\trel=\"noopener noreferrer nofollow noindex\"\n\t\t\t\t\t\t\t\t\t>\n\t\t\t\t\t\t\t\t\t\tOutlook 365\t\t\t\t\t\t\t\t\t<\/a>\n\t\t\t\t\t\t\t\t<\/li>\n\t\t\t\t\t\t\t\t\t\t\t\t\t\t\t<li class=\"tribe-events-c-subscribe-dropdown__list-item tribe-events-c-subscribe-dropdown__list-item--outlook-live\">\n\t\t\t\t\t\t\t\t\t<a\n\t\t\t\t\t\t\t\t\t\thref=\"\"\n\t\t\t\t\t\t\t\t\t\tclass=\"tribe-events-c-subscribe-dropdown__list-item-link\"\n\t\t\t\t\t\t\t\t\t\ttarget=\"_blank\"\n\t\t\t\t\t\t\t\t\t\trel=\"noopener noreferrer nofollow noindex\"\n\t\t\t\t\t\t\t\t\t>\n\t\t\t\t\t\t\t\t\t\tOutlook Live\t\t\t\t\t\t\t\t\t<\/a>\n\t\t\t\t\t\t\t\t<\/li>\n\t\t\t\t\t\t\t\t\t\t\t\t\t<\/ul>\n\t\t\t\t\t<\/div>\n\t\t\t\t<\/div>\n\t\t\t<\/div>\n\t\t<\/div>\n\t<\/div>\n\n\n\n\n\n\n\n","protected":false},"excerpt":{"rendered":"<p>Faut Qu\u2019\u00e7a Bouge f\u00eate ses 5 ans ! \u00c0 cette occasion, nous vous proposons deux jours de folie ! Au programme Vendredi 22 17h30 \u2022 Afterwork sur la Grand\u2019Place en collaboration avec la Denise &#8211; Ruche citoyenne et le Quatorze35 ! 20h00 \u2022 Concert de Volt Selector 22h30 \u2022 Concert de Green [&hellip;]<\/p>\n","protected":false},"author":2,"featured_media":8048,"template":"","meta":{"_monsterinsights_skip_tracking":false,"_monsterinsights_sitenote_active":false,"_monsterinsights_sitenote_note":"","_monsterinsights_sitenote_category":0,"_price":"","_stock":"","_tribe_ticket_header":"","_tribe_default_ticket_provider":"","_tribe_ticket_capacity":"","_ticket_start_date":"","_ticket_end_date":"","_tribe_ticket_show_description":"","_tribe_ticket_show_not_going":false,"_tribe_ticket_use_global_stock":"","_tribe_ticket_global_stock_level":"","_global_stock_mode":"","_global_stock_cap":"","_tribe_rsvp_for_event":"","_tribe_ticket_going_count":"","_tribe_ticket_not_going_count":"","_tribe_tickets_list":"[]","_tribe_ticket_has_attendee_info_fields":false,"_EventAllDay":false,"_EventTimezone":"UTC+0","_EventStartDate":"2023-09-22 19:00:00","_EventEndDate":"2023-09-23 23:30:00","_EventStartDateUTC":"2023-09-22 19:00:00","_EventEndDateUTC":"2023-09-23 23:30:00","_EventShowMap":false,"_EventShowMapLink":false,"_EventURL":"","_EventCost":"","_EventCostDescription":"","_EventCurrencySymbol":"\u20ac","_EventCurrencyCode":"USD","_EventCurrencyPosition":"prefix","_EventDateTimeSeparator":" @ ","_EventTimeRangeSeparator":" - ","_EventOrganizerID":[],"_EventVenueID":[],"_OrganizerEmail":"","_OrganizerPhone":"","_OrganizerWebsite":"","_VenueAddress":"","_VenueCity":"","_VenueCountry":"","_VenueProvince":"","_VenueState":"","_VenueZip":"","_VenuePhone":"","_VenueURL":"","_VenueStateProvince":"","_VenueLat":"","_VenueLng":"","_VenueShowMap":false,"_VenueShowMapLink":false,"_tribe_events_status":"","_tribe_events_status_reason":"","footnotes":"","_tec_slr_enabled":"","_tec_slr_layout":""},"tags":[],"tribe_events_cat":[],"class_list":["post-8047","tribe_events","type-tribe_events","status-publish","has-post-thumbnail","hentry"],"ticketed":false,"_links":{"self":[{"href":"https:\/\/ruchedenise.be\/index.php\/wp-json\/wp\/v2\/tribe_events\/8047","targetHints":{"allow":["GET"]}}],"collection":[{"href":"https:\/\/ruchedenise.be\/index.php\/wp-json\/wp\/v2\/tribe_events"}],"about":[{"href":"https:\/\/ruchedenise.be\/index.php\/wp-json\/wp\/v2\/types\/tribe_events"}],"author":[{"embeddable":true,"href":"https:\/\/ruchedenise.be\/index.php\/wp-json\/wp\/v2\/users\/2"}],"version-history":[{"count":1,"href":"https:\/\/ruchedenise.be\/index.php\/wp-json\/wp\/v2\/tribe_events\/8047\/revisions"}],"predecessor-version":[{"id":8049,"href":"https:\/\/ruchedenise.be\/index.php\/wp-json\/wp\/v2\/tribe_events\/8047\/revisions\/8049"}],"wp:featuredmedia":[{"embeddable":true,"href":"https:\/\/ruchedenise.be\/index.php\/wp-json\/wp\/v2\/media\/8048"}],"wp:attachment":[{"href":"https:\/\/ruchedenise.be\/index.php\/wp-json\/wp\/v2\/media?parent=8047"}],"wp:term":[{"taxonomy":"post_tag","embeddable":true,"href":"https:\/\/ruchedenise.be\/index.php\/wp-json\/wp\/v2\/tags?post=8047"},{"taxonomy":"tribe_events_cat","embeddable":true,"href":"https:\/\/ruchedenise.be\/index.php\/wp-json\/wp\/v2\/tribe_events_cat?post=8047"}],"curies":[{"name":"wp","href":"https:\/\/api.w.org\/{rel}","templated":true}]}}