{"id":8067,"date":"2023-09-27T07:22:28","date_gmt":"2023-09-27T07:22:28","guid":{"rendered":"https:\/\/ruchedenise.be\/?post_type=tribe_events&#038;p=8067"},"modified":"2023-09-27T07:22:31","modified_gmt":"2023-09-27T07:22:31","slug":"le-souffle-du-vent-et-autres-bourrasques","status":"publish","type":"tribe_events","link":"https:\/\/ruchedenise.be\/index.php\/event\/le-souffle-du-vent-et-autres-bourrasques\/","title":{"rendered":"Le Souffle du Vent et Autres Bourrasques"},"content":{"rendered":"<div  class=\"tribe-events-schedule tribe-clearfix\" >\n\t<p class=\"tribe-events-schedule__datetime\">\n\t\t<span class=\"tribe-events-schedule__date tribe-events-schedule__date--start\">\n\t\t\tOctober 14, 2023\t\t<\/span>\n\n\t\t\t\t\t<span class=\"tribe-events-schedule__separator tribe-events-schedule__separator--date\">\n\t\t\t\t @ \t\t\t<\/span>\n\t\t\t<span class=\"tribe-events-schedule__time tribe-events-schedule__time--start\">\n\t\t\t\t8:00 pm\t\t\t<\/span>\n\t\t\n\t\t\t\t\t\t\t\t\t<span class=\"tribe-events-schedule__separator tribe-events-schedule__separator--time\">\n\t\t\t\t\t &#8211; \t\t\t\t<\/span>\n\t\t\t\n\t\t\t\t\t\t\t<span class=\"tribe-events-schedule__time tribe-events-schedule__time--end\">\n\t\t\t\t\t11:00 pm\t\t\t\t<\/span>\n\t\t\t\n\t\t\t\t\t\t<\/p>\n<\/div>\n\n\n\n<p>Conte Musical pour Adultes de Marie Thys<\/p>\n\n\n\n<p>&#8212;&#8212;&#8212;&#8212;&#8212;&#8212;&#8212;&#8212;&#8212;&#8212;&#8212;&#8212;&#8212;&#8212;&#8212;&#8212;&#8212;&#8212;&#8212;&#8212;&#8212;&#8212;&#8212;&#8212;&#8212;&#8212;&#8212;&#8212;&#8212;&#8211;<br>Adultes et adolescents \u00e0 partir de 14 ans<br>Adresse : Au Caf\u00e9-citoyen Chez Denise &#8211; Grand&#8217;Place 23 \u00e0 Mont-Saint-Guibert<br>Tarif : 12\u20ac par personne \/ 1,25\u20ac pour les b\u00e9n\u00e9ficiaires Article 27<br>Infos et r\u00e9servations : https:\/\/conteetlitterature.be\/evenement\/hev-bourrasques-14-10-23-mont-saint-guibert\/?fbclid=IwAR0uRKbBP8Rfz052BdvItjVBjOnUWWGcPMwEOCssr8Np23P1YsSP6cMnask<\/p>\n\n\n\n<p>En collaboration avec le Caf\u00e9-citoyen Chez Denise et la Maison du Conte et de la Litt\u00e9rature en Brabant wallon.<\/p>\n\n\n\n<p>\u00a9 Alex Badiqu\u00e9 Photo Corner&nbsp;<\/p>\n\n\n\n<p>&#8212;&#8212;&#8212;&#8212;&#8212;&#8212;&#8212;&#8212;&#8212;&#8212;&#8212;&#8212;&#8212;&#8212;&#8212;&#8212;&#8212;&#8212;&#8212;&#8212;&#8212;&#8212;&#8212;&#8212;&#8212;&#8212;&#8212;&#8212;&#8212;&#8211;<\/p>\n\n\n\n<p>Il y a Ogoa qui ose d\u00e9fier les dieux des terres et des mers et Tohengi, notre m\u00e8re \u00e0 tous.<br>Il y a Pou, l\u2019\u00e9poux de Puce, mort l\u00e0 dans la boue.<br>Et l\u2019Oc\u00e9an qui recouvre tout tout tout.<br>Et la Meuse qui r\u00eave d\u2019\u00eatre Oc\u00e9an, d\u2019avoir des marins dans ses flancs, entre ses bras de mer.<br>Et la Montagne.<br>Il y a aussi Marcel et son petit bar quelque part \u00e0 Paris. Alice qui souffle dans sa clarinette et le Vent qui l\u2019\u00e9coute.<br>L\u2019Homme qui se demande pourquoi il vit sur cette terre.<br>Dieu qui sait pourquoi mais qui n\u2019est pas bavard.<br>Une Mouche, le Silence.<br>Le Souffle du Vent et autres bourrasques.<\/p>\n\n\n\n<p>Le Souffle du Vent et autres bourrasques est n\u00e9 de l\u2019envie de rassembler les histoires, comme on r\u00e9unirait des amis.<br>On ne sait pas vraiment pourquoi on le fait, mais on sent que \u00e7a va bien se passer.<br>Peut-\u00eatre parce qu\u2019ils sont tous un peu caboss\u00e9s.<br>Qu\u2019ils d\u00e9bordent du cadre.<br>Dr\u00f4les et puis pas toujours.<br>Un peu maladroits.<br>Parfois l\u00e2ches.<br>Comme nous quoi \u2026<\/p>\n\n\n<div  class=\"tribe-block tribe-block__event-price\" >\n\t\t<\/div>\n\n\n<div  class=\"tribe-block tribe-block__organizer__details tribe-clearfix\" >\n\t<div class=\"tribe-block__organizer__title\">\n\t\t<h3><a href=\"https:\/\/ruchedenise.be\/index.php\/organizer\/denise-ruche-citoyenne\/\" title=\"Denise &#8211; Ruche Citoyenne\" target=\"_self\" rel=\"\">Denise &#8211; Ruche Citoyenne<\/a><\/h3>\n\t<\/div>\n\t\t\t\t\t<p class=\"tribe-block__organizer__email\">h&#101;llo&#064;&#114;u&#099;&#104;ede&#110;ise.b&#101;<\/p>\n\t<\/div>\n\n\n<div  class=\"tribe-block tribe-block__venue tribe-clearfix\" >\n\t\n\t\t\n\t<\/div>\n\n\n<div  class=\"tribe-block tribe-block__event-website\" >\n\t<a\n\t\thref=\"https:\/\/conteetlitterature.be\/evenement\/hev-bourrasques-14-10-23-mont-saint-guibert\/?fbclid=IwAR0uRKbBP8Rfz052BdvItjVBjOnUWWGcPMwEOCssr8Np23P1YsSP6cMnask\"\n\t\ttarget=\"_self\"\n\t\t\t>\n\t\tR\u00e9servations \t<\/a>\n<\/div>\n\n\n\t<div  class=\"tribe-block tribe-block__events-link\" >\n\t\t<div class=\"tribe-events tribe-common\">\n\t\t\t<div class=\"tribe-events-c-subscribe-dropdown__container\">\n\t\t\t\t<div class=\"tribe-events-c-subscribe-dropdown\">\n\t\t\t\t\t<div class=\"tribe-common-c-btn-border tribe-events-c-subscribe-dropdown__button\">\n\t\t\t\t\t\t<svg\n\t class=\"tribe-common-c-svgicon tribe-common-c-svgicon--cal-export tribe-events-c-subscribe-dropdown__export-icon\" \taria-hidden=\"true\"\n\tviewBox=\"0 0 23 17\"\n\txmlns=\"http:\/\/www.w3.org\/2000\/svg\"\n>\n\t<path fill-rule=\"evenodd\" clip-rule=\"evenodd\" d=\"M.128.896V16.13c0 .211.145.383.323.383h15.354c.179 0 .323-.172.323-.383V.896c0-.212-.144-.383-.323-.383H.451C.273.513.128.684.128.896Zm16 6.742h-.901V4.679H1.009v10.729h14.218v-3.336h.901V7.638ZM1.01 1.614h14.218v2.058H1.009V1.614Z\" \/>\n\t<path d=\"M20.5 9.846H8.312M18.524 6.953l2.89 2.909-2.855 2.855\" stroke-width=\"1.2\" stroke-linecap=\"round\" stroke-linejoin=\"round\"\/>\n<\/svg>\n\t\t\t\t\t\t<button\n\t\t\t\t\t\t\tclass=\"tribe-events-c-subscribe-dropdown__button-text\"\n\t\t\t\t\t\t\taria-expanded=\"false\"\n\t\t\t\t\t\t\taria-controls=\"tribe-events-subscribe-dropdown-content\"\n\t\t\t\t\t\t\taria-label=\"View links to add events to your calendar\"\n\t\t\t\t\t\t>\n\t\t\t\t\t\t\tAdd to calendar\t\t\t\t\t\t<\/button>\n\t\t\t\t\t\t<svg\n\t class=\"tribe-common-c-svgicon tribe-common-c-svgicon--caret-down tribe-events-c-subscribe-dropdown__button-icon\" \taria-hidden=\"true\"\n\tviewBox=\"0 0 10 7\"\n\txmlns=\"http:\/\/www.w3.org\/2000\/svg\"\n>\n\t<path fill-rule=\"evenodd\" clip-rule=\"evenodd\" d=\"M1.008.609L5 4.6 8.992.61l.958.958L5 6.517.05 1.566l.958-.958z\" class=\"tribe-common-c-svgicon__svg-fill\"\/>\n<\/svg>\n\t\t\t\t\t<\/div>\n\t\t\t\t\t<div id=\"tribe-events-subscribe-dropdown-content\" class=\"tribe-events-c-subscribe-dropdown__content\">\n\t\t\t\t\t\t<ul class=\"tribe-events-c-subscribe-dropdown__list\">\n\t\t\t\t\t\t\t\t\t\t\t\t\t\t\t<li class=\"tribe-events-c-subscribe-dropdown__list-item tribe-events-c-subscribe-dropdown__list-item--gcal\">\n\t\t\t\t\t\t\t\t\t<a\n\t\t\t\t\t\t\t\t\t\thref=\"https:\/\/www.google.com\/calendar\/event?action=TEMPLATE&#038;dates=20231014T200000\/20231014T230000&#038;text=Le%20Souffle%20du%20Vent%20et%20Autres%20Bourrasques&#038;details=%3Cp%3EConte+Musical+pour+Adultes+de+Marie+Thys%3C%2Fp%3E+%3Cp%3E-----------------------------------------------------------------------------------------%3Cbr+%2F%3EAdultes+et+adolescents+%C3%A0+partir+de+14+ans%3Cbr+%2F%3EAdresse+%3A+Au+Caf%C3%A9-citoyen+Chez+Denise+-+Grand%27Place+23+%C3%A0+Mont-Saint-Guibert%3Cbr+%2F%3ETarif+%3A+12%E2%82%AC+par+personne+%2F+1%2C25%E2%82%AC+pour+les+b%C3%A9n%C3%A9ficiaires+Article+27%3Cbr+%2F%3EInfos+et+r%C3%A9servations+%3A+https%3A%2F%2Fconteetlitterature.be%2Fevenement%2Fhev-bourrasques-14-10-23-mont-saint-guibert%2F%3Ffbclid%3DIwAR0uRKbBP8Rfz052BdvItjVBjOnUWWGcPMwEOCssr8Np23P1YsSP6cMnask%3C%2Fp%3E+%3Cp%3EEn+collaboration+avec+le+Caf%C3%A9-citoyen+Chez+Denise+et+la+Maison+du+Conte+et+de+la+Litt%C3%A9rature+en+Brabant+wallon.%3C%2Fp%3E+%3Cp%3E%C2%A9+Alex+Badiqu%C3%A9+Photo+Corner%26nbsp%3B%3C%2Fp%3E+%3Cp%3E-----------------------------------------------------------------------------------------%3C%2Fp%3E+%3Cp%3EIl+y+a+Ogoa+qui+ose+d%C3%A9fier+les+dieux+des+terres+et+des+mers+et+Tohengi%2C+notre+m%C3%A8re+%C3%A0+tous.%3Cbr+%2F%3EIl+y+a+Pou%2C+l%E2%80%99%C3%A9poux+de+Puce%2C+mort+l%C3%A0+dans+la+boue.%3Cbr+%2F%3EEt+l%E2%80%99Oc%C3%A9an+qui+recouv%3C%2Fp%3E+%28View+Full+event+Description+Here%3A+https%3A%2F%2Fruchedenise.be%2Findex.php%2Fevent%2Fle-souffle-du-vent-et-autres-bourrasques%2F%29&#038;trp=false&#038;ctz=UTC+0&#038;sprop=website:https:\/\/ruchedenise.be\"\n\t\t\t\t\t\t\t\t\t\tclass=\"tribe-events-c-subscribe-dropdown__list-item-link\"\n\t\t\t\t\t\t\t\t\t\ttarget=\"_blank\"\n\t\t\t\t\t\t\t\t\t\trel=\"noopener noreferrer nofollow noindex\"\n\t\t\t\t\t\t\t\t\t>\n\t\t\t\t\t\t\t\t\t\tGoogle Calendar\t\t\t\t\t\t\t\t\t<\/a>\n\t\t\t\t\t\t\t\t<\/li>\n\t\t\t\t\t\t\t\t\t\t\t\t\t\t\t<li class=\"tribe-events-c-subscribe-dropdown__list-item tribe-events-c-subscribe-dropdown__list-item--ical\">\n\t\t\t\t\t\t\t\t\t<a\n\t\t\t\t\t\t\t\t\t\thref=\"\"\n\t\t\t\t\t\t\t\t\t\tclass=\"tribe-events-c-subscribe-dropdown__list-item-link\"\n\t\t\t\t\t\t\t\t\t\ttarget=\"_blank\"\n\t\t\t\t\t\t\t\t\t\trel=\"noopener noreferrer nofollow noindex\"\n\t\t\t\t\t\t\t\t\t>\n\t\t\t\t\t\t\t\t\t\tiCalendar\t\t\t\t\t\t\t\t\t<\/a>\n\t\t\t\t\t\t\t\t<\/li>\n\t\t\t\t\t\t\t\t\t\t\t\t\t\t\t<li class=\"tribe-events-c-subscribe-dropdown__list-item tribe-events-c-subscribe-dropdown__list-item--outlook-365\">\n\t\t\t\t\t\t\t\t\t<a\n\t\t\t\t\t\t\t\t\t\thref=\"\"\n\t\t\t\t\t\t\t\t\t\tclass=\"tribe-events-c-subscribe-dropdown__list-item-link\"\n\t\t\t\t\t\t\t\t\t\ttarget=\"_blank\"\n\t\t\t\t\t\t\t\t\t\trel=\"noopener noreferrer nofollow noindex\"\n\t\t\t\t\t\t\t\t\t>\n\t\t\t\t\t\t\t\t\t\tOutlook 365\t\t\t\t\t\t\t\t\t<\/a>\n\t\t\t\t\t\t\t\t<\/li>\n\t\t\t\t\t\t\t\t\t\t\t\t\t\t\t<li class=\"tribe-events-c-subscribe-dropdown__list-item tribe-events-c-subscribe-dropdown__list-item--outlook-live\">\n\t\t\t\t\t\t\t\t\t<a\n\t\t\t\t\t\t\t\t\t\thref=\"\"\n\t\t\t\t\t\t\t\t\t\tclass=\"tribe-events-c-subscribe-dropdown__list-item-link\"\n\t\t\t\t\t\t\t\t\t\ttarget=\"_blank\"\n\t\t\t\t\t\t\t\t\t\trel=\"noopener noreferrer nofollow noindex\"\n\t\t\t\t\t\t\t\t\t>\n\t\t\t\t\t\t\t\t\t\tOutlook Live\t\t\t\t\t\t\t\t\t<\/a>\n\t\t\t\t\t\t\t\t<\/li>\n\t\t\t\t\t\t\t\t\t\t\t\t\t<\/ul>\n\t\t\t\t\t<\/div>\n\t\t\t\t<\/div>\n\t\t\t<\/div>\n\t\t<\/div>\n\t<\/div>\n\n\n\n\n\n\n\n","protected":false},"excerpt":{"rendered":"<p>Conte Musical pour Adultes de Marie Thys &#8212;&#8212;&#8212;&#8212;&#8212;&#8212;&#8212;&#8212;&#8212;&#8212;&#8212;&#8212;&#8212;&#8212;&#8212;&#8212;&#8212;&#8212;&#8212;&#8212;&#8212;&#8212;&#8212;&#8212;&#8212;&#8212;&#8212;&#8212;&#8212;&#8211;Adultes et adolescents \u00e0 partir de 14 ansAdresse : Au Caf\u00e9-citoyen Chez Denise &#8211; Grand&#8217;Place 23 \u00e0 Mont-Saint-GuibertTarif : 12\u20ac par personne \/ 1,25\u20ac pour les b\u00e9n\u00e9ficiaires Article 27Infos et r\u00e9servations : https:\/\/conteetlitterature.be\/evenement\/hev-bourrasques-14-10-23-mont-saint-guibert\/?fbclid=IwAR0uRKbBP8Rfz052BdvItjVBjOnUWWGcPMwEOCssr8Np23P1YsSP6cMnask En collaboration avec le Caf\u00e9-citoyen Chez Denise et la Maison du Conte [&hellip;]<\/p>\n","protected":false},"author":2,"featured_media":8073,"template":"","meta":{"_monsterinsights_skip_tracking":false,"_monsterinsights_sitenote_active":false,"_monsterinsights_sitenote_note":"","_monsterinsights_sitenote_category":0,"_price":"","_stock":"","_tribe_ticket_header":"","_tribe_default_ticket_provider":"","_tribe_ticket_capacity":"","_ticket_start_date":"","_ticket_end_date":"","_tribe_ticket_show_description":"","_tribe_ticket_show_not_going":false,"_tribe_ticket_use_global_stock":"","_tribe_ticket_global_stock_level":"","_global_stock_mode":"","_global_stock_cap":"","_tribe_rsvp_for_event":"","_tribe_ticket_going_count":"","_tribe_ticket_not_going_count":"","_tribe_tickets_list":"[]","_tribe_ticket_has_attendee_info_fields":false,"_EventAllDay":false,"_EventTimezone":"UTC+0","_EventStartDate":"2023-10-14 20:00:00","_EventEndDate":"2023-10-14 23:00:00","_EventStartDateUTC":"2023-10-14 20:00:00","_EventEndDateUTC":"2023-10-14 23:00:00","_EventShowMap":false,"_EventShowMapLink":false,"_EventURL":"https:\/\/conteetlitterature.be\/evenement\/hev-bourrasques-14-10-23-mont-saint-guibert\/?fbclid=IwAR0uRKbBP8Rfz052BdvItjVBjOnUWWGcPMwEOCssr8Np23P1YsSP6cMnask","_EventCost":"","_EventCostDescription":"","_EventCurrencySymbol":"\u20ac","_EventCurrencyCode":"USD","_EventCurrencyPosition":"prefix","_EventDateTimeSeparator":" @ ","_EventTimeRangeSeparator":" - ","_EventOrganizerID":[],"_EventVenueID":[],"_OrganizerEmail":"","_OrganizerPhone":"","_OrganizerWebsite":"","_VenueAddress":"","_VenueCity":"","_VenueCountry":"","_VenueProvince":"","_VenueState":"","_VenueZip":"","_VenuePhone":"","_VenueURL":"","_VenueStateProvince":"","_VenueLat":"","_VenueLng":"","_VenueShowMap":false,"_VenueShowMapLink":false,"_tribe_events_status":"","_tribe_events_status_reason":"","footnotes":"","_tec_slr_enabled":"","_tec_slr_layout":""},"tags":[],"tribe_events_cat":[],"class_list":["post-8067","tribe_events","type-tribe_events","status-publish","has-post-thumbnail","hentry"],"ticketed":false,"_links":{"self":[{"href":"https:\/\/ruchedenise.be\/index.php\/wp-json\/wp\/v2\/tribe_events\/8067","targetHints":{"allow":["GET"]}}],"collection":[{"href":"https:\/\/ruchedenise.be\/index.php\/wp-json\/wp\/v2\/tribe_events"}],"about":[{"href":"https:\/\/ruchedenise.be\/index.php\/wp-json\/wp\/v2\/types\/tribe_events"}],"author":[{"embeddable":true,"href":"https:\/\/ruchedenise.be\/index.php\/wp-json\/wp\/v2\/users\/2"}],"version-history":[{"count":1,"href":"https:\/\/ruchedenise.be\/index.php\/wp-json\/wp\/v2\/tribe_events\/8067\/revisions"}],"predecessor-version":[{"id":8074,"href":"https:\/\/ruchedenise.be\/index.php\/wp-json\/wp\/v2\/tribe_events\/8067\/revisions\/8074"}],"wp:featuredmedia":[{"embeddable":true,"href":"https:\/\/ruchedenise.be\/index.php\/wp-json\/wp\/v2\/media\/8073"}],"wp:attachment":[{"href":"https:\/\/ruchedenise.be\/index.php\/wp-json\/wp\/v2\/media?parent=8067"}],"wp:term":[{"taxonomy":"post_tag","embeddable":true,"href":"https:\/\/ruchedenise.be\/index.php\/wp-json\/wp\/v2\/tags?post=8067"},{"taxonomy":"tribe_events_cat","embeddable":true,"href":"https:\/\/ruchedenise.be\/index.php\/wp-json\/wp\/v2\/tribe_events_cat?post=8067"}],"curies":[{"name":"wp","href":"https:\/\/api.w.org\/{rel}","templated":true}]}}