{"id":8174,"date":"2023-11-27T14:31:34","date_gmt":"2023-11-27T14:31:34","guid":{"rendered":"https:\/\/ruchedenise.be\/?post_type=tribe_events&#038;p=8174"},"modified":"2023-11-27T14:31:34","modified_gmt":"2023-11-27T14:31:34","slug":"concert-major-dubreucq-denise-unplugged","status":"publish","type":"tribe_events","link":"https:\/\/ruchedenise.be\/index.php\/event\/concert-major-dubreucq-denise-unplugged\/","title":{"rendered":"Concert : Major Dubreucq &#038; Denise Unplugged"},"content":{"rendered":"<div  class=\"tribe-events-schedule tribe-clearfix\" >\n\t<p class=\"tribe-events-schedule__datetime\">\n\t\t<span class=\"tribe-events-schedule__date tribe-events-schedule__date--start\">\n\t\t\tDecember 8, 2023\t\t<\/span>\n\n\t\t\t\t\t<span class=\"tribe-events-schedule__separator tribe-events-schedule__separator--date\">\n\t\t\t\t @ \t\t\t<\/span>\n\t\t\t<span class=\"tribe-events-schedule__time tribe-events-schedule__time--start\">\n\t\t\t\t8:30 pm\t\t\t<\/span>\n\t\t\n\t\t\t\t\t\t\t\t\t<span class=\"tribe-events-schedule__separator tribe-events-schedule__separator--time\">\n\t\t\t\t\t &#8211; \t\t\t\t<\/span>\n\t\t\t\n\t\t\t\t\t\t\t<span class=\"tribe-events-schedule__time tribe-events-schedule__time--end\">\n\t\t\t\t\t11:00 pm\t\t\t\t<\/span>\n\t\t\t\n\t\t\t\t\t\t<\/p>\n<\/div>\n\n\n\n<p>Denise UNPLUGGED re\u00e7oit des invit\u00e9s !&nbsp;<img loading=\"lazy\" decoding=\"async\" height=\"16\" width=\"16\" alt=\"\ud83d\udd25\" src=\"https:\/\/static.xx.fbcdn.net\/images\/emoji.php\/v9\/ta9\/1.5\/16\/1f525.png\"><br>Chaque mois, vous aurez l&#8217;occasion de d\u00e9couvrir des artistes de la r\u00e9gion, tout en profitant de la sc\u00e8ne ouverte !<\/p>\n\n\n\n<p><img loading=\"lazy\" decoding=\"async\" height=\"16\" width=\"16\" alt=\"\u2728\" src=\"https:\/\/static.xx.fbcdn.net\/images\/emoji.php\/v9\/t7b\/1.5\/16\/2728.png\">&nbsp;Vendredi 8 d\u00e9cembre, nous accueillons Major Dubreucq! De la chanson fran\u00e7aise d\u00e9cal\u00e9e, p\u00e9trie de d\u00e9go\u00fbt face \u00e0 la brutalit\u00e9 absurde de l\u2019univers, mais pleine d\u2019amour parce que sinon tout est foutu ! Un \u00e9trange m\u00e9lange de r\u00e9volte et de tendresse, de glamour et de tristesse, de raffinement et \u2026 d\u2019une pointe de mauvais gout&nbsp;<img loading=\"lazy\" decoding=\"async\" height=\"16\" width=\"16\" alt=\"\ud83d\ude09\" src=\"https:\/\/static.xx.fbcdn.net\/images\/emoji.php\/v9\/tb0\/1.5\/16\/1f609.png\"><\/p>\n\n\n\n<p>20:30 &#8211; Concert de Major Dubreucq<br>21:30 &#8211; Jam acoustique | Les musiciens de Denise Unplugged reprendront les classiques de la chanson anglaise et fran\u00e7aise en version acoustique et vous feront chanter et danser jusqu\u2019au bout de la nuit. Avis aux chanteurs et musiciens : la sc\u00e8ne est ouverte !<\/p>\n\n\n\n<p>Vous \u00eates les bienvenus pour chanter ou jouer quelques morceaux !<br>Concert et Jam Acoustique &#8211; Gratuit &#8211; Sans r\u00e9servation<\/p>\n\n\n<div  class=\"tribe-block tribe-block__event-price\" >\n\t\t<\/div>\n\n\n<div  class=\"tribe-block tribe-block__organizer__details tribe-clearfix\" >\n\t<div class=\"tribe-block__organizer__title\">\n\t\t<h3><a href=\"https:\/\/ruchedenise.be\/index.php\/organizer\/denise-ruche-citoyenne\/\" title=\"Denise &#8211; Ruche Citoyenne\" target=\"_self\" rel=\"\">Denise &#8211; Ruche Citoyenne<\/a><\/h3>\n\t<\/div>\n\t\t\t\t\t<p class=\"tribe-block__organizer__email\">hel&#108;o&#064;r&#117;&#099;&#104;ed&#101;nise&#046;&#098;&#101;<\/p>\n\t<\/div>\n\n\n<div  class=\"tribe-block tribe-block__venue tribe-clearfix\" >\n\t\n\t\t\n\t<\/div>\n\n\n\n\n\t<div  class=\"tribe-block tribe-block__events-link\" >\n\t\t<div class=\"tribe-events tribe-common\">\n\t\t\t<div class=\"tribe-events-c-subscribe-dropdown__container\">\n\t\t\t\t<div class=\"tribe-events-c-subscribe-dropdown\">\n\t\t\t\t\t<div class=\"tribe-common-c-btn-border tribe-events-c-subscribe-dropdown__button\">\n\t\t\t\t\t\t<svg\n\t class=\"tribe-common-c-svgicon tribe-common-c-svgicon--cal-export tribe-events-c-subscribe-dropdown__export-icon\" \taria-hidden=\"true\"\n\tviewBox=\"0 0 23 17\"\n\txmlns=\"http:\/\/www.w3.org\/2000\/svg\"\n>\n\t<path fill-rule=\"evenodd\" clip-rule=\"evenodd\" d=\"M.128.896V16.13c0 .211.145.383.323.383h15.354c.179 0 .323-.172.323-.383V.896c0-.212-.144-.383-.323-.383H.451C.273.513.128.684.128.896Zm16 6.742h-.901V4.679H1.009v10.729h14.218v-3.336h.901V7.638ZM1.01 1.614h14.218v2.058H1.009V1.614Z\" \/>\n\t<path d=\"M20.5 9.846H8.312M18.524 6.953l2.89 2.909-2.855 2.855\" stroke-width=\"1.2\" stroke-linecap=\"round\" stroke-linejoin=\"round\"\/>\n<\/svg>\n\t\t\t\t\t\t<button\n\t\t\t\t\t\t\tclass=\"tribe-events-c-subscribe-dropdown__button-text\"\n\t\t\t\t\t\t\taria-expanded=\"false\"\n\t\t\t\t\t\t\taria-controls=\"tribe-events-subscribe-dropdown-content\"\n\t\t\t\t\t\t\taria-label=\"View links to add events to your calendar\"\n\t\t\t\t\t\t>\n\t\t\t\t\t\t\tAdd to calendar\t\t\t\t\t\t<\/button>\n\t\t\t\t\t\t<svg\n\t class=\"tribe-common-c-svgicon tribe-common-c-svgicon--caret-down tribe-events-c-subscribe-dropdown__button-icon\" \taria-hidden=\"true\"\n\tviewBox=\"0 0 10 7\"\n\txmlns=\"http:\/\/www.w3.org\/2000\/svg\"\n>\n\t<path fill-rule=\"evenodd\" clip-rule=\"evenodd\" d=\"M1.008.609L5 4.6 8.992.61l.958.958L5 6.517.05 1.566l.958-.958z\" class=\"tribe-common-c-svgicon__svg-fill\"\/>\n<\/svg>\n\t\t\t\t\t<\/div>\n\t\t\t\t\t<div id=\"tribe-events-subscribe-dropdown-content\" class=\"tribe-events-c-subscribe-dropdown__content\">\n\t\t\t\t\t\t<ul class=\"tribe-events-c-subscribe-dropdown__list\">\n\t\t\t\t\t\t\t\t\t\t\t\t\t\t\t<li class=\"tribe-events-c-subscribe-dropdown__list-item tribe-events-c-subscribe-dropdown__list-item--gcal\">\n\t\t\t\t\t\t\t\t\t<a\n\t\t\t\t\t\t\t\t\t\thref=\"https:\/\/www.google.com\/calendar\/event?action=TEMPLATE&#038;dates=20231208T203000\/20231208T230000&#038;text=Concert%20%3A%20Major%20Dubreucq%20%26%23038%3B%20Denise%20Unplugged&#038;details=%3Cp%3EDenise+UNPLUGGED+re%C3%A7oit+des+invit%C3%A9s+%21%26nbsp%3B%3Cimg+height%3D%2216%22+width%3D%2216%22+alt%3D%22%F0%9F%94%A5%22+src%3D%22https%3A%2F%2Fstatic.xx.fbcdn.net%2Fimages%2Femoji.php%2Fv9%2Fta9%2F1.5%2F16%2F1f525.png%22%2F%3E%3Cbr+%2F%3EChaque+mois%2C+vous+aurez+l%27occasion+de+d%C3%A9couvrir+des+artistes+de+la+r%C3%A9gion%2C+tout+en+profitant+de+la+sc%C3%A8ne+ouverte+%21%3C%2Fp%3E+%3Cp%3E%3Cimg+height%3D%2216%22+width%3D%2216%22+alt%3D%22%E2%9C%A8%22+src%3D%22https%3A%2F%2Fstatic.xx.fbcdn.net%2Fimages%2Femoji.php%2Fv9%2Ft7b%2F1.5%2F16%2F2728.png%22%2F%3E%26nbsp%3BVendredi+8+d%C3%A9cembre%2C+nous+accueillons+Major+Dubreucq%21+De+la+chanson+fran%C3%A7aise+d%C3%A9cal%C3%A9e%2C+p%C3%A9trie+de+d%C3%A9go%C3%BBt+face+%C3%A0+la+brutalit%C3%A9+absurde+de+l%E2%80%99univers%2C+mais+pleine+d%E2%80%99amour+parce+que+sinon+tout+est+foutu+%21+Un+%C3%A9trange+m%C3%A9lange+de+r%C3%A9volte+et+de+tendresse%2C+de+glamour+et+de+tristesse%2C+de+raffinement+et+%E2%80%A6+d%E2%80%99une+pointe+de+mauvais+gout%26nbsp%3B%3Cimg+height%3D%2216%22+width%3D%2216%22+alt%3D%22%F0%9F%98%89%22+src%3D%22https%3A%2F%2Fstatic.xx.fbcdn.net%2Fimages%2Femoji.php%2Fv9%2Ftb0%2F1.5%2F16%2F1f609.png%22%2F%3E%3C%2Fp%3E+%3Cp%3E20%3A30+-+Concert+de+Major+Dubreucq%3Cbr+%2F%3E21%3A30+-+Jam+acoustique+%7C+Les+musiciens+de+Denise+Unplugged+reprendron%3C%2Fp%3E+%28View+Full+event+Description+Here%3A+https%3A%2F%2Fruchedenise.be%2Findex.php%2Fevent%2Fconcert-major-dubreucq-denise-unplugged%2F%29&#038;trp=false&#038;ctz=UTC+0&#038;sprop=website:https:\/\/ruchedenise.be\"\n\t\t\t\t\t\t\t\t\t\tclass=\"tribe-events-c-subscribe-dropdown__list-item-link\"\n\t\t\t\t\t\t\t\t\t\ttarget=\"_blank\"\n\t\t\t\t\t\t\t\t\t\trel=\"noopener noreferrer nofollow noindex\"\n\t\t\t\t\t\t\t\t\t>\n\t\t\t\t\t\t\t\t\t\tGoogle Calendar\t\t\t\t\t\t\t\t\t<\/a>\n\t\t\t\t\t\t\t\t<\/li>\n\t\t\t\t\t\t\t\t\t\t\t\t\t\t\t<li class=\"tribe-events-c-subscribe-dropdown__list-item tribe-events-c-subscribe-dropdown__list-item--ical\">\n\t\t\t\t\t\t\t\t\t<a\n\t\t\t\t\t\t\t\t\t\thref=\"\"\n\t\t\t\t\t\t\t\t\t\tclass=\"tribe-events-c-subscribe-dropdown__list-item-link\"\n\t\t\t\t\t\t\t\t\t\ttarget=\"_blank\"\n\t\t\t\t\t\t\t\t\t\trel=\"noopener noreferrer nofollow noindex\"\n\t\t\t\t\t\t\t\t\t>\n\t\t\t\t\t\t\t\t\t\tiCalendar\t\t\t\t\t\t\t\t\t<\/a>\n\t\t\t\t\t\t\t\t<\/li>\n\t\t\t\t\t\t\t\t\t\t\t\t\t\t\t<li class=\"tribe-events-c-subscribe-dropdown__list-item tribe-events-c-subscribe-dropdown__list-item--outlook-365\">\n\t\t\t\t\t\t\t\t\t<a\n\t\t\t\t\t\t\t\t\t\thref=\"\"\n\t\t\t\t\t\t\t\t\t\tclass=\"tribe-events-c-subscribe-dropdown__list-item-link\"\n\t\t\t\t\t\t\t\t\t\ttarget=\"_blank\"\n\t\t\t\t\t\t\t\t\t\trel=\"noopener noreferrer nofollow noindex\"\n\t\t\t\t\t\t\t\t\t>\n\t\t\t\t\t\t\t\t\t\tOutlook 365\t\t\t\t\t\t\t\t\t<\/a>\n\t\t\t\t\t\t\t\t<\/li>\n\t\t\t\t\t\t\t\t\t\t\t\t\t\t\t<li class=\"tribe-events-c-subscribe-dropdown__list-item tribe-events-c-subscribe-dropdown__list-item--outlook-live\">\n\t\t\t\t\t\t\t\t\t<a\n\t\t\t\t\t\t\t\t\t\thref=\"\"\n\t\t\t\t\t\t\t\t\t\tclass=\"tribe-events-c-subscribe-dropdown__list-item-link\"\n\t\t\t\t\t\t\t\t\t\ttarget=\"_blank\"\n\t\t\t\t\t\t\t\t\t\trel=\"noopener noreferrer nofollow noindex\"\n\t\t\t\t\t\t\t\t\t>\n\t\t\t\t\t\t\t\t\t\tOutlook Live\t\t\t\t\t\t\t\t\t<\/a>\n\t\t\t\t\t\t\t\t<\/li>\n\t\t\t\t\t\t\t\t\t\t\t\t\t<\/ul>\n\t\t\t\t\t<\/div>\n\t\t\t\t<\/div>\n\t\t\t<\/div>\n\t\t<\/div>\n\t<\/div>\n\n\n\n\n\n\n\n","protected":false},"excerpt":{"rendered":"<p>Denise UNPLUGGED re\u00e7oit des invit\u00e9s !&nbsp;Chaque mois, vous aurez l&#8217;occasion de d\u00e9couvrir des artistes de la r\u00e9gion, tout en profitant de la sc\u00e8ne ouverte ! &nbsp;Vendredi 8 d\u00e9cembre, nous accueillons Major Dubreucq! De la chanson fran\u00e7aise d\u00e9cal\u00e9e, p\u00e9trie de d\u00e9go\u00fbt face \u00e0 la brutalit\u00e9 absurde de l\u2019univers, mais pleine d\u2019amour parce que [&hellip;]<\/p>\n","protected":false},"author":2,"featured_media":8175,"template":"","meta":{"_monsterinsights_skip_tracking":false,"_monsterinsights_sitenote_active":false,"_monsterinsights_sitenote_note":"","_monsterinsights_sitenote_category":0,"_price":"","_stock":"","_tribe_ticket_header":"","_tribe_default_ticket_provider":"","_tribe_ticket_capacity":"","_ticket_start_date":"","_ticket_end_date":"","_tribe_ticket_show_description":"","_tribe_ticket_show_not_going":false,"_tribe_ticket_use_global_stock":"","_tribe_ticket_global_stock_level":"","_global_stock_mode":"","_global_stock_cap":"","_tribe_rsvp_for_event":"","_tribe_ticket_going_count":"","_tribe_ticket_not_going_count":"","_tribe_tickets_list":"[]","_tribe_ticket_has_attendee_info_fields":false,"_EventAllDay":false,"_EventTimezone":"UTC+0","_EventStartDate":"2023-12-08 20:30:00","_EventEndDate":"2023-12-08 23:00:00","_EventStartDateUTC":"2023-12-08 20:30:00","_EventEndDateUTC":"2023-12-08 23:00:00","_EventShowMap":false,"_EventShowMapLink":false,"_EventURL":"","_EventCost":"","_EventCostDescription":"","_EventCurrencySymbol":"\u20ac","_EventCurrencyCode":"USD","_EventCurrencyPosition":"prefix","_EventDateTimeSeparator":" @ ","_EventTimeRangeSeparator":" - ","_EventOrganizerID":[],"_EventVenueID":[],"_OrganizerEmail":"","_OrganizerPhone":"","_OrganizerWebsite":"","_VenueAddress":"","_VenueCity":"","_VenueCountry":"","_VenueProvince":"","_VenueState":"","_VenueZip":"","_VenuePhone":"","_VenueURL":"","_VenueStateProvince":"","_VenueLat":"","_VenueLng":"","_VenueShowMap":false,"_VenueShowMapLink":false,"_tribe_events_status":"","_tribe_events_status_reason":"","footnotes":"","_tec_slr_enabled":"","_tec_slr_layout":""},"tags":[],"tribe_events_cat":[],"class_list":["post-8174","tribe_events","type-tribe_events","status-publish","has-post-thumbnail","hentry"],"ticketed":false,"_links":{"self":[{"href":"https:\/\/ruchedenise.be\/index.php\/wp-json\/wp\/v2\/tribe_events\/8174","targetHints":{"allow":["GET"]}}],"collection":[{"href":"https:\/\/ruchedenise.be\/index.php\/wp-json\/wp\/v2\/tribe_events"}],"about":[{"href":"https:\/\/ruchedenise.be\/index.php\/wp-json\/wp\/v2\/types\/tribe_events"}],"author":[{"embeddable":true,"href":"https:\/\/ruchedenise.be\/index.php\/wp-json\/wp\/v2\/users\/2"}],"version-history":[{"count":1,"href":"https:\/\/ruchedenise.be\/index.php\/wp-json\/wp\/v2\/tribe_events\/8174\/revisions"}],"predecessor-version":[{"id":8176,"href":"https:\/\/ruchedenise.be\/index.php\/wp-json\/wp\/v2\/tribe_events\/8174\/revisions\/8176"}],"wp:featuredmedia":[{"embeddable":true,"href":"https:\/\/ruchedenise.be\/index.php\/wp-json\/wp\/v2\/media\/8175"}],"wp:attachment":[{"href":"https:\/\/ruchedenise.be\/index.php\/wp-json\/wp\/v2\/media?parent=8174"}],"wp:term":[{"taxonomy":"post_tag","embeddable":true,"href":"https:\/\/ruchedenise.be\/index.php\/wp-json\/wp\/v2\/tags?post=8174"},{"taxonomy":"tribe_events_cat","embeddable":true,"href":"https:\/\/ruchedenise.be\/index.php\/wp-json\/wp\/v2\/tribe_events_cat?post=8174"}],"curies":[{"name":"wp","href":"https:\/\/api.w.org\/{rel}","templated":true}]}}